{"id":124,"date":"2015-06-30T23:12:33","date_gmt":"2015-06-30T21:12:33","guid":{"rendered":"http:\/\/www.nitsch-dasgesamtkunstwerk.at\/?page_id=124&#038;lang=en"},"modified":"2021-06-09T11:18:39","modified_gmt":"2021-06-09T09:18:39","slug":"archiv","status":"publish","type":"page","link":"https:\/\/www.skulpturenpark-hellbrunn.at\/en\/archiv\/","title":{"rendered":"SkulpturenPark Hellbrunn &#8211; Enrique Asensi"},"content":{"rendered":"<p><div class=\"fusion-fullwidth fullwidth-box fusion-builder-row-1 hundred-percent-fullwidth non-hundred-percent-height-scrolling fusion-no-medium-visibility\" style=\"background-color: #ffffff;background-position: left top;background-repeat: no-repeat;padding-top:5px;padding-right:0px;padding-bottom:5px;padding-left:0px;margin-bottom: 0px;margin-top: 0px;border-width: 0px 0px 0px 0px;border-color:#eae9e9;border-style:solid;\" ><div class=\"fusion-builder-row fusion-row\"><div class=\"fusion-layout-column fusion_builder_column fusion-builder-column-0 fusion_builder_column_1_1 1_1 fusion-one-full fusion-column-first fusion-column-last fusion-column-no-min-height\" style=\"margin-top:0px;margin-bottom:0px;\"><div class=\"fusion-column-wrapper fusion-flex-column-wrapper-legacy\" style=\"background-position:left top;background-repeat:no-repeat;-webkit-background-size:cover;-moz-background-size:cover;-o-background-size:cover;background-size:cover;padding: 0px 0px 0px 0px;\"><div class=\"fusion-slider-sc fusion-flexslider-loading flexslider flexslider-hover-type-none\" data-slideshow_autoplay=\"1\" data-slideshow_smooth_height=\"0\" data-slideshow_speed=\"3000\" style=\"max-width:100%;height:100%;\"><ul class=\"slides\"><li class=\"image\"><span class=\"fusion-image-hover-element hover-type-none\"><img src=\"https:\/\/www.skulpturenpark-hellbrunn.at\/wp-content\/uploads\/2018\/07\/Credit-Stefan-Zauner.jpg\" width=\"2560\" height=\"1178\" \/><\/span><\/li><li class=\"image\"><span class=\"fusion-image-hover-element hover-type-none\"><img src=\"https:\/\/www.skulpturenpark-hellbrunn.at\/wp-content\/uploads\/2018\/06\/SkulpturenPark_Hellbrunn_Torreones_Corten-Stahl_enrique_asensi_CAM_2000px.jpg\" width=\"2000\" height=\"944\" \/><\/span><\/li><li class=\"image\"><span class=\"fusion-image-hover-element hover-type-none\"><img src=\"https:\/\/www.skulpturenpark-hellbrunn.at\/wp-content\/uploads\/2018\/06\/SkulpturenPark_Hellbrunn_dialog_slider.png\" width=\"5849\" height=\"2760\" \/><\/span><\/li><li class=\"image\"><span class=\"fusion-image-hover-element hover-type-none\"><img src=\"https:\/\/www.skulpturenpark-hellbrunn.at\/wp-content\/uploads\/2018\/07\/Credit-Stefan-Zauner-2.jpg\" width=\"2560\" height=\"1222\" \/><\/span><\/li><\/ul><\/div><div class=\"fusion-clearfix\"><\/div><\/div><\/div><div class=\"fusion-layout-column fusion_builder_column fusion-builder-column-1 fusion_builder_column_1_1 1_1 fusion-one-full fusion-column-first fusion-column-last fusion-column-no-min-height\" style=\"margin-top:0px;margin-bottom:0px;\"><div class=\"fusion-column-wrapper fusion-flex-column-wrapper-legacy\" style=\"background-position:left top;background-repeat:no-repeat;-webkit-background-size:cover;-moz-background-size:cover;-o-background-size:cover;background-size:cover;padding: 0px 0px 0px 0px;\"><div class=\"fusion-menu-anchor\" id=\"projekt\"><\/div><div class=\"fusion-clearfix\"><\/div><\/div><\/div><div class=\"fusion-layout-column fusion_builder_column fusion-builder-column-2 fusion_builder_column_1_3 1_3 fusion-one-third fusion-column-first\" style=\"width:30.6666%; margin-right: 4%;margin-top:0px;margin-bottom:10px;\"><div class=\"fusion-column-wrapper fusion-flex-column-wrapper-legacy\" style=\"background-position:left top;background-repeat:no-repeat;-webkit-background-size:cover;-moz-background-size:cover;-o-background-size:cover;background-size:cover;padding: 0px 0px 0px 0px;\"><div class=\"fusion-clearfix\"><\/div><\/div><\/div><div class=\"fusion-layout-column fusion_builder_column fusion-builder-column-3 fusion_builder_column_1_3 1_3 fusion-one-third\" style=\"width:30.6666%; margin-right: 4%;margin-top:0px;margin-bottom:10px;\"><div class=\"fusion-column-wrapper fusion-flex-column-wrapper-legacy\" style=\"background-position:left top;background-repeat:no-repeat;-webkit-background-size:cover;-moz-background-size:cover;-o-background-size:cover;background-size:cover;padding: 10px 10px 10px 10px;\"><style type=\"text\/css\"><\/style><div class=\"fusion-title title fusion-title-1 fusion-sep-none fusion-title-text fusion-title-size-one\" style=\"margin-top:0px;margin-right:0px;margin-bottom:31px;margin-left:0px;\"><h1 class=\"title-heading-left fusion-responsive-typography-calculated\" style=\"margin:0;--fontSize:20;--minFontSize:20px;line-height:1.2;\"><h1>Project<\/h1><\/h1><\/div><style type=\"text\/css\"><\/style><div class=\"fusion-title title fusion-title-2 fusion-sep-none fusion-title-text fusion-title-size-one\" style=\"margin-top:0px;margin-right:0px;margin-bottom:31px;margin-left:0px;\"><h1 class=\"title-heading-left fusion-responsive-typography-calculated\" style=\"margin:0;--fontSize:20;--minFontSize:20px;line-height:1.2;\"><h2>Enrique Asensi \u2013<br \/>\nNature and sculpture in dialogue<br \/>\n28.6.-21.10.2018<\/h2><\/h1><\/div><div class=\"fusion-text fusion-text-1\"><h4><strong>Project<\/strong><\/h4>\n<p>Summer 2018 will see the first ever sculpture park open in the grounds of Hellbrunn Palace. The goal of this cultural project is to establish a contemporary sculpture park that changes every year, in collaboration with the palace administration and the municipal parks agency. Again and again very special public areas are created when art and nature come together. It will add a further artistic di mension to the palace gardens as a place where art, joie de vivre and a penchant for contrasts have always played a very prominent role. The exhibition series will get underway with the work of Spanish sculptor Enrique Asensi.<\/p>\n<p><a href=\"http:\/\/www.skulpturenpark-hellbrunn.at\/wp-content\/uploads\/2018\/06\/Plan-Hellbrunn-Standorte_eng_1200px.jpg\" target=\"_blank\" rel=\"noopener\"><img class=\"alignnone wp-image-376 size-full\" src=\"http:\/\/www.skulpturenpark-hellbrunn.at\/wp-content\/uploads\/2018\/06\/Plan-Hellbrunn-Standorte_eng_1200px.jpg\" alt=\"\" width=\"1200\" height=\"787\" srcset=\"https:\/\/www.skulpturenpark-hellbrunn.at\/wp-content\/uploads\/2018\/06\/Plan-Hellbrunn-Standorte_eng_1200px-200x131.jpg 200w, https:\/\/www.skulpturenpark-hellbrunn.at\/wp-content\/uploads\/2018\/06\/Plan-Hellbrunn-Standorte_eng_1200px-300x197.jpg 300w, https:\/\/www.skulpturenpark-hellbrunn.at\/wp-content\/uploads\/2018\/06\/Plan-Hellbrunn-Standorte_eng_1200px-400x262.jpg 400w, https:\/\/www.skulpturenpark-hellbrunn.at\/wp-content\/uploads\/2018\/06\/Plan-Hellbrunn-Standorte_eng_1200px-600x394.jpg 600w, https:\/\/www.skulpturenpark-hellbrunn.at\/wp-content\/uploads\/2018\/06\/Plan-Hellbrunn-Standorte_eng_1200px-768x504.jpg 768w, https:\/\/www.skulpturenpark-hellbrunn.at\/wp-content\/uploads\/2018\/06\/Plan-Hellbrunn-Standorte_eng_1200px-800x525.jpg 800w, https:\/\/www.skulpturenpark-hellbrunn.at\/wp-content\/uploads\/2018\/06\/Plan-Hellbrunn-Standorte_eng_1200px-1024x672.jpg 1024w, https:\/\/www.skulpturenpark-hellbrunn.at\/wp-content\/uploads\/2018\/06\/Plan-Hellbrunn-Standorte_eng_1200px.jpg 1200w\" sizes=\"(max-width: 1200px) 100vw, 1200px\" \/><\/a><\/p>\n<p><strong>Location 1:<br \/>\n(Opening Hours Park: 06:00-21:30)<\/strong><\/p>\n<p><strong>Location 2:<br \/>\nOpening Hours 10:00-14:00)<\/strong><\/p>\n<\/div><div class=\"fusion-clearfix\"><\/div><\/div><\/div><div class=\"fusion-layout-column fusion_builder_column fusion-builder-column-4 fusion_builder_column_1_3 1_3 fusion-one-third fusion-column-last\" style=\"width:30.6666%;margin-top:0px;margin-bottom:10px;\"><div class=\"fusion-column-wrapper fusion-flex-column-wrapper-legacy\" style=\"background-position:left top;background-repeat:no-repeat;-webkit-background-size:cover;-moz-background-size:cover;-o-background-size:cover;background-size:cover;padding: 0px 0px 0px 0px;\"><div class=\"fusion-clearfix\"><\/div><\/div><\/div><\/div><\/div><div class=\"fusion-fullwidth fullwidth-box fusion-builder-row-2 nonhundred-percent-fullwidth non-hundred-percent-height-scrolling\" style=\"background-color: #ffffff;background-position: left top;background-repeat: no-repeat;padding-top:20px;padding-right:0px;padding-bottom:20px;padding-left:0px;margin-bottom: 0px;margin-top: 0px;border-width: 0px 0px 0px 0px;border-color:#eae9e9;border-style:solid;\" ><div class=\"fusion-builder-row fusion-row\"><div class=\"fusion-layout-column fusion_builder_column fusion-builder-column-5 fusion_builder_column_1_1 1_1 fusion-one-full fusion-column-first fusion-column-last fusion-column-no-min-height\" style=\"margin-top:0px;margin-bottom:0px;\"><div class=\"fusion-column-wrapper fusion-flex-column-wrapper-legacy\" style=\"background-position:left top;background-repeat:no-repeat;-webkit-background-size:cover;-moz-background-size:cover;-o-background-size:cover;background-size:cover;padding: 0px 0px 0px 0px;\"><div class=\"fusion-menu-anchor\" id=\"kuenstler\"><\/div><div class=\"fusion-clearfix\"><\/div><\/div><\/div><div class=\"fusion-layout-column fusion_builder_column fusion-builder-column-6 fusion_builder_column_1_3 1_3 fusion-one-third fusion-column-first\" style=\"width:30.6666%; margin-right: 4%;margin-top:0px;margin-bottom:10px;\"><div class=\"fusion-column-wrapper fusion-flex-column-wrapper-legacy\" style=\"background-position:left top;background-repeat:no-repeat;-webkit-background-size:cover;-moz-background-size:cover;-o-background-size:cover;background-size:cover;padding: 0px 0px 0px 0px;\"><div class=\"fusion-clearfix\"><\/div><\/div><\/div><div class=\"fusion-layout-column fusion_builder_column fusion-builder-column-7 fusion_builder_column_1_3 1_3 fusion-one-third\" style=\"width:30.6666%; margin-right: 4%;margin-top:0px;margin-bottom:10px;\"><div class=\"fusion-column-wrapper fusion-flex-column-wrapper-legacy\" style=\"background-position:left top;background-repeat:no-repeat;-webkit-background-size:cover;-moz-background-size:cover;-o-background-size:cover;background-size:cover;padding: 10px 10px 10px 10px;\"><style type=\"text\/css\"><\/style><div class=\"fusion-title title fusion-title-3 fusion-sep-none fusion-title-text fusion-title-size-one\" style=\"margin-top:0px;margin-right:0px;margin-bottom:31px;margin-left:0px;\"><h1 class=\"title-heading-left fusion-responsive-typography-calculated\" style=\"margin:0;--fontSize:20;--minFontSize:20px;line-height:1.2;\"><h1>Artist<\/h1><\/h1><\/div><style type=\"text\/css\"><\/style><div class=\"fusion-title title fusion-title-4 fusion-sep-none fusion-title-text fusion-title-size-one\" style=\"margin-top:0px;margin-right:0px;margin-bottom:31px;margin-left:0px;\"><h1 class=\"title-heading-left fusion-responsive-typography-calculated\" style=\"margin:0;--fontSize:20;--minFontSize:20px;line-height:1.2;\"><h2>Enrique Asensi<\/h2><\/h1><\/div><span class=\" fusion-imageframe imageframe-none imageframe-1 hover-type-none\"><img width=\"712\" height=\"786\" title=\"01, 4 Torreones, Corten-Stahl, 300 x 150 x 75 cm, 2017, 2.700 kg\" src=\"https:\/\/www.skulpturenpark-hellbrunn.at\/wp-content\/uploads\/2018\/06\/Portrait-Asensi-Fotorechte_Enrique-Asensi.jpg\" class=\"img-responsive wp-image-677\" srcset=\"https:\/\/www.skulpturenpark-hellbrunn.at\/wp-content\/uploads\/2018\/06\/Portrait-Asensi-Fotorechte_Enrique-Asensi-200x221.jpg 200w, https:\/\/www.skulpturenpark-hellbrunn.at\/wp-content\/uploads\/2018\/06\/Portrait-Asensi-Fotorechte_Enrique-Asensi-400x442.jpg 400w, https:\/\/www.skulpturenpark-hellbrunn.at\/wp-content\/uploads\/2018\/06\/Portrait-Asensi-Fotorechte_Enrique-Asensi-600x662.jpg 600w, https:\/\/www.skulpturenpark-hellbrunn.at\/wp-content\/uploads\/2018\/06\/Portrait-Asensi-Fotorechte_Enrique-Asensi.jpg 712w\" sizes=\"(max-width: 800px) 100vw, 600px\" \/><\/span><div class=\"fusion-text fusion-text-2\"><h1>Biography<\/h1>\n<p>1950 | born in Valencia<br \/>\n1972-77 | Acad\u00e8mia de Bellas Artes de San Carlos, Valencia<br \/>\n1976 | scholarship from the Diputaci\u00f3n Provincial for Madrid<br \/>\n1977 | scholarship from the Diputaci\u00f3n Provincial for Germany<\/p>\n<p>The artist lives and works near Cologne and Barcelona<\/p>\n<h2>Selected solo exhibitions<\/h2>\n<p>2018 | Museum Montserrat<br \/>\nGalerie Seippel, K\u00f6ln<br \/>\n2017 | Fundaci\u00f3n Antonio Perez, Cuenca, Spanien<br \/>\nMoll de Costa, Hafen von Tarragona, Spanien<br \/>\n2015 | Galerie Seippel, K\u00f6ln<br \/>\n2014 | 100 Kubik &#8211; Raum f\u00fcr spanische Kunst, K\u00f6ln<br \/>\nMuseo de Escultura Contempor\u00e1nea Can Mario de la Fundaci\u00f3n Vila Casas, Barcelona<br \/>\n2012 | 100 Kubik &#8211; Raum f\u00fcr spanische Kunst, K\u00f6ln<br \/>\n2011 | Galerie Manfred Rieker, Heilbronn<br \/>\nGold-Kr\u00e4mer-Stiftung, Frechen<br \/>\nGalerie Beate D\u00fcsterberg, Schloss Reuschenberg, Neuss<br \/>\n2009 | Neue Kunst Gallery Michael Oess, Karlsruhe<br \/>\n2008 | Galerie Manfred Rieker, Heilbronn<br \/>\nGalerie Spectrum, Euskirchen<br \/>\n2007 | Galer\u00eda Trama, Barcelona<br \/>\nGalerie Weihergut, Salzburg<br \/>\n2005 | Galer\u00eda Punto, Valencia<br \/>\nGalerie Weihergut, Salzburg<br \/>\n2004 | Galer\u00eda Trama, Madrid<br \/>\nGalerie Manfred Rieker, Heilbronn<br \/>\n2002 | Galer\u00eda Arn\u00e9s y R\u00f6pke, Madrid<br \/>\nGalerie Lutz Teutloff, Bielefeld<br \/>\n2000 | Galerie Stefan R\u00f6pke, K\u00f6ln<br \/>\n1999 | Galer\u00eda Arn\u00e9s y R\u00f6pke, Madrid<br \/>\n1998 | Galer\u00eda Barcelona, Barcelona<br \/>\nGaler\u00eda Maior, Pollenca\/ Mallorca<br \/>\n1997 | Galerie Lutz Teutloff, Bielefeld<br \/>\nGalerie Stefan R\u00f6pke, K\u00f6ln<br \/>\n1995 | Galerie Adriana Schmidt, Stuttgart<br \/>\nSt\u00e4dtisches Kramer-Museum, Kempen<br \/>\n1992 | Galerie Dreiseitel, K\u00f6ln<br \/>\n1991 | Galer\u00eda Lu\u00eds Adelantado, Valencia<br \/>\n1987 | Museum Zons, Dormagen<\/p>\n<h2>Selected group exibitions<\/h2>\n<p>2014 | Kulturambulanz, Bremen<br \/>\nArt Karlsruhe (mit 100 Kubik, K\u00f6ln), Karlsruhe<br \/>\nGalerie Manfred Rieker, Heilbronn<br \/>\n2013 | Galerie Seippel, K\u00f6ln<br \/>\nMuseo W\u00fcrth, La Rioja<br \/>\nSt\u00e4dtische Galerie, Kulturzentrum August Verding, Bottrop<br \/>\n100 Kubik &#8211; Raum f\u00fcr spanische Kunst, K\u00f6ln<br \/>\nArt Karlsruhe (mit 100 Kubik, K\u00f6ln), Karlsruhe<br \/>\nArt Fair (mit 100 Kubik, K\u00f6ln) K\u00f6ln<br \/>\nGalerie Manfred Rieker, Heilbronn<br \/>\n2012 | Galer\u00eda Sailer, Santany\u00ed\/ Mallorca<br \/>\nGalerie Manfred Rieker, Heilbronn<br \/>\n100 Kubik &#8211; Raum f\u00fcr spanische Kunst, K\u00f6ln<br \/>\nArt Fair (mit 100 Kubik, K\u00f6ln), K\u00f6ln<br \/>\n2011 | Galerie Seippel, K\u00f6ln<br \/>\nGaler\u00eda Sailer, Santany\u00ed\/ Mallorca<br \/>\n100 Kubik &#8211; Raum f\u00fcr spanische Kunst, K\u00f6ln<br \/>\n2010 | Lo Spirito del Lago, Isola Bella, Stresa, Lago Maggiore<br \/>\nMeWo-Kunsthalle, Memmingen<br \/>\nSala Par\u00e8s, Barcelona<br \/>\nArt Karlsruhe (mit Sala Par\u00e8s, Barcelona und Galer\u00eda Trama, Barcelona), Karlsruhe<br \/>\nGalerie Weihergut, Salzburg<br \/>\n2009 | St.-Annen Museum, L\u00fcbeck<br \/>\nArt Karlsruhe (mit Neue Kunst Gallery Michael Oess, Karlsruhe), Karlsruhe<br \/>\nGalerie Manfred Rieker, Heilbronn<br \/>\nGaler\u00eda Trama, Barcelona<br \/>\n2008 | Stiftung Kloster Volkenroda, K\u00f6rner<br \/>\nGalerie Manfred Rieker, Heilbronn<br \/>\nMedizinhistorisches Museum der Charit\u00e9, Berlin<br \/>\n2007 | Siegerland Museum, Siegen<br \/>\nMuseum f\u00fcr Sepulkralkultur, Kassel<br \/>\nGalerie Weihergut, Salzburg<br \/>\nGaler\u00eda Jordi Batlle, San Cugat del Vall\u00e8s<br \/>\n2006 | K\u00f6ln Fine Art (mit Galerie Bengelstr\u00e4ter, Iserlohn), K\u00f6ln<br \/>\nARCO Madrid (mit Galer\u00eda Trama, Barcelona), Madrid<br \/>\nGalerie Weihergut, Salzburg<br \/>\nGaler\u00eda Trama, Barcelona<br \/>\nMuseum Antonierhaus, Memmingen<br \/>\n2005 | Galerie Weihergut, Salzburg<br \/>\nGalerie Bengelstr\u00e4ter, Iserlohn<br \/>\nSkulpturengalerie Krafft, Gebenstorf<br \/>\nArt Galerie Frank Pages, Baden-Baden<br \/>\nKunstmesse Z\u00fcrich (mit Art Galerie Frank Pages, Baden-Baden), Z\u00fcrich<br \/>\nHeritage Bank Trust, Genf<br \/>\n2004 | ARCO Madrid (mit Galerie Stefan R\u00f6pke, K\u00f6ln), Madrid<br \/>\n2003 | ARCO Madrid (mit Galerie Stefan R\u00f6pke, K\u00f6ln), Madrid<br \/>\nArt Cologne (mit Galerie Stefan R\u00f6pke, K\u00f6ln), K\u00f6ln<br \/>\nArt Bruxelles (mit Galerie Stefan R\u00f6pke, K\u00f6ln), Brussels<br \/>\nKunst und Diakonie, Wehr<br \/>\nLo Spirito del Lago, Isola Bella, Stresa, Lago Maggiore<br \/>\nSkulpturenpark Lutz Teutloff, Bielefeld<br \/>\nWilhelm-Fabry-Museum, Hilden<br \/>\nKunsthalle Erfurt, Erfurt<br \/>\nStadtmuseum G\u00fctersloh, G\u00fctersloh<br \/>\nKunstverein H\u00fcrth, H\u00fcrth<br \/>\nGalerie Manfred Rieker, Heilbronn<br \/>\n2002 | Kunstverein Herford, Herford<br \/>\nSt\u00e4dtische Galerie Bergkamen, Bergk\u00e4mmen<br \/>\nGalerie Ucher, K\u00f6ln<br \/>\nMaddock Gallery, Barcelona<br \/>\nSala Pelaires, Palma de Mallorca<br \/>\n2000 | Galerie Manfred Rieker, Heilbronn<br \/>\nGaler\u00eda Major, Pollenca\/ Mallorca<br \/>\nKunst und Diakonie, Wehr<br \/>\n1999 | Galerie Usher, K\u00f6ln<br \/>\nARCO Madrid (mit Galerie Stefan R\u00f6pke, K\u00f6ln), Madrid<br \/>\nArt Cologne (mit Galerie Stefan R\u00f6pke, K\u00f6ln), K\u00f6ln<br \/>\nKunstverein H\u00fcrth, H\u00fcrth<br \/>\nGalerie Neue Kunst, Konstanz<br \/>\nGalerie Manfred Rieker, Heilbronn<br \/>\nLo Spirito del Lago, Isola Bella, Stresa, Lago Maggiore<br \/>\n1998 | Fundaci\u00f3n Bancaixa, Valencia<br \/>\nARCO Madrid (mit Galerie Stefan R\u00f6pke, K\u00f6ln), Madrid<br \/>\nArt Cologne (mit Galerie Stefan R\u00f6pke, K\u00f6ln), K\u00f6ln<br \/>\nLo Spirito del Lago, Isola Bella, Stresa, Lago Maggiore<br \/>\n1997 | ARCO Madrid (mit Galerie Stefan R\u00f6pke, K\u00f6ln), Madrid<br \/>\nArt Cologne (mit Galerie Stefan R\u00f6pke, K\u00f6ln), K\u00f6ln<br \/>\nLo Spirito del Lago, Isola Bella, Stresa, Lago Maggiore<br \/>\n1996 | Die Wei\u00dfe Galerie, K\u00f6ln<br \/>\nGalerie Kunstmann, Santany\u00ed\/ Mallorca<br \/>\n1995 | Kunsthalle K\u00f6ln, K\u00f6ln<br \/>\nVilla Zanders, Bergisch-Gladbach<br \/>\nGalerie Lutz Teutloff, Bielefeld<br \/>\nMuseum des Oberbergischen Kreises, N\u00fcmbrecht<br \/>\n1994 | Galerie Adriana Schmidt, Stuttgart<br \/>\n1991 | Galerie Vera van Laer, Antwerpen<br \/>\nArt Cologne (mit Galerie Dreiseitel, K\u00f6ln und Galer\u00eda Luis Adelantado), K\u00f6ln<br \/>\nGalerie Jesse, Bielefeld<br \/>\n1990 | Art Frankfurt (mit Galer\u00eda Ferr\u00e0n Cano), Frankfurt\/ Main<br \/>\n1988 | Museum Hegendaagse Kunst, Utrecht<br \/>\nGalerie Jesse, Bielefeld<br \/>\n1987 | Galerie Heinz Holtmann, K\u00f6ln<br \/>\n1986 | Kestner-Gesellschaft, Hannover<\/p>\n<hr \/>\n<h2>Arbeiten im \u00f6ffentlichen Raum<\/h2>\n<p>Fredenbaumpark, Dortmund<br \/>\nRathaus Euskirchen<br \/>\nSparkasse Werl, Wickede-Ruhr<br \/>\nB\u00fcrgerpark, Wickede-Ruhr<br \/>\nZentralplatz, Kerpen<br \/>\nKreishaus, Bergheim<br \/>\nKurpark, Heimbach<br \/>\nArenal d\u2018en Castell, Menorca<br \/>\nEuropaplatz, Euskirchen<br \/>\nManacor, Mallorca<br \/>\nWehr<br \/>\nTorrelavit, Barcelona<br \/>\nPark, Gold-Kraemer-Stiftung \u2013 Dauerausstellung<br \/>\nHaus der Kunst, M\u00fcnchen<br \/>\nStadtsparkasse K\u00f6ln, K\u00f6ln<br \/>\nSkulpturenpark Lutz Teutloff, Bielefeld<br \/>\nFundaci\u00f3n La Caixa, Barcelona<br \/>\nFundaci\u00f3n Pr\u00edncipe de Asturias, Oviedo<br \/>\nAvinyonet del Pened\u00e8s, Barcelona<br \/>\nColecci\u00f3n de la Diputaci\u00f3n Provincial de Val\u00e8ncia<\/p>\n<p>Quelle: <a href=\"http:\/\/www.asensi.de\">www.asensi.de<\/a><\/p>\n<\/div><div class=\"fusion-clearfix\"><\/div><\/div><\/div><div class=\"fusion-layout-column fusion_builder_column fusion-builder-column-8 fusion_builder_column_1_3 1_3 fusion-one-third fusion-column-last\" style=\"width:30.6666%;margin-top:0px;margin-bottom:10px;\"><div class=\"fusion-column-wrapper fusion-flex-column-wrapper-legacy\" style=\"background-position:left top;background-repeat:no-repeat;-webkit-background-size:cover;-moz-background-size:cover;-o-background-size:cover;background-size:cover;padding: 0px 0px 0px 0px;\"><div class=\"fusion-clearfix\"><\/div><\/div><\/div><\/div><\/div><div class=\"fusion-fullwidth fullwidth-box fusion-builder-row-3 nonhundred-percent-fullwidth non-hundred-percent-height-scrolling\" style=\"background-color: #ffffff;background-position: left top;background-repeat: no-repeat;padding-top:20px;padding-right:0px;padding-bottom:20px;padding-left:0px;margin-bottom: 0px;margin-top: 0px;border-width: 0px 0px 0px 0px;border-color:#eae9e9;border-style:solid;\" ><div class=\"fusion-builder-row fusion-row\"><div class=\"fusion-layout-column fusion_builder_column fusion-builder-column-9 fusion_builder_column_1_1 1_1 fusion-one-full fusion-column-first fusion-column-last fusion-column-no-min-height\" style=\"margin-top:0px;margin-bottom:0px;\"><div class=\"fusion-column-wrapper fusion-flex-column-wrapper-legacy\" style=\"background-position:left top;background-repeat:no-repeat;-webkit-background-size:cover;-moz-background-size:cover;-o-background-size:cover;background-size:cover;padding: 0px 0px 0px 0px;\"><div class=\"fusion-menu-anchor\" id=\"fotogalerie\"><\/div><div class=\"fusion-clearfix\"><\/div><\/div><\/div><div class=\"fusion-layout-column fusion_builder_column fusion-builder-column-10 fusion_builder_column_1_3 1_3 fusion-one-third fusion-column-first\" style=\"width:30.6666%; margin-right: 4%;margin-top:0px;margin-bottom:0px;\"><div class=\"fusion-column-wrapper fusion-flex-column-wrapper-legacy\" style=\"background-position:left top;background-repeat:no-repeat;-webkit-background-size:cover;-moz-background-size:cover;-o-background-size:cover;background-size:cover;padding: 10px 10px 10px 10px;\"><div class=\"fusion-clearfix\"><\/div><\/div><\/div><div class=\"fusion-layout-column fusion_builder_column fusion-builder-column-11 fusion_builder_column_1_3 1_3 fusion-one-third\" style=\"width:30.6666%; margin-right: 4%;margin-top:0px;margin-bottom:0px;\"><div class=\"fusion-column-wrapper fusion-flex-column-wrapper-legacy\" style=\"background-position:left top;background-repeat:no-repeat;-webkit-background-size:cover;-moz-background-size:cover;-o-background-size:cover;background-size:cover;padding: 10px 10px 10px 10px;\"><style type=\"text\/css\"><\/style><div class=\"fusion-title title fusion-title-5 fusion-sep-none fusion-title-text fusion-title-size-one\" style=\"margin-top:0px;margin-right:0px;margin-bottom:31px;margin-left:0px;\"><h1 class=\"title-heading-left fusion-responsive-typography-calculated\" style=\"margin:0;--fontSize:20;--minFontSize:20px;line-height:1.2;\"><h1><span style=\"color: #000000;\">Photo gallery transport and composition<\/span><\/h1><\/h1><\/div><style type=\"text\/css\">.fusion-gallery-1 .fusion-gallery-image {border:0px solid #f6f6f6;}<\/style><div class=\"fusion-gallery fusion-gallery-container fusion-grid-4 fusion-columns-total-12 fusion-gallery-layout-grid fusion-gallery-1\" style=\"margin:-5px;\"><div style=\"padding:5px;\" class=\"fusion-grid-column fusion-gallery-column fusion-gallery-column-4 hover-type-none\"><div class=\"fusion-gallery-image\"><a href=\"https:\/\/www.skulpturenpark-hellbrunn.at\/wp-content\/uploads\/2019\/07\/SZ58782_4K.jpg\" rel=\"noreferrer\" data-rel=\"iLightbox[gallery_image_1]\" class=\"fusion-lightbox\" target=\"_self\"><img src=\"https:\/\/www.skulpturenpark-hellbrunn.at\/wp-content\/uploads\/2019\/07\/SZ58782_4K.jpg\" width=\"733\" height=\"1100\" alt=\"\" title=\"_SZ58782_4K\" aria-label=\"_SZ58782_4K\" class=\"img-responsive wp-image-1034\" srcset=\"https:\/\/www.skulpturenpark-hellbrunn.at\/wp-content\/uploads\/2019\/07\/SZ58782_4K-200x300.jpg 200w, https:\/\/www.skulpturenpark-hellbrunn.at\/wp-content\/uploads\/2019\/07\/SZ58782_4K-400x600.jpg 400w, https:\/\/www.skulpturenpark-hellbrunn.at\/wp-content\/uploads\/2019\/07\/SZ58782_4K-600x900.jpg 600w, https:\/\/www.skulpturenpark-hellbrunn.at\/wp-content\/uploads\/2019\/07\/SZ58782_4K.jpg 733w\" sizes=\"(min-width: 2200px) 100vw, (min-width: 856px) 346px, (min-width: 784px) 462px, (min-width: 712px) 693px, (min-width: 640px) 712px, \" \/><\/a><\/div><\/div><div style=\"padding:5px;\" class=\"fusion-grid-column fusion-gallery-column fusion-gallery-column-4 hover-type-none\"><div class=\"fusion-gallery-image\"><a href=\"https:\/\/www.skulpturenpark-hellbrunn.at\/wp-content\/uploads\/2019\/10\/Boltanski-Zeitung-dtsch-web-1.jpg\" rel=\"noreferrer\" data-rel=\"iLightbox[gallery_image_1]\" class=\"fusion-lightbox\" target=\"_self\"><img src=\"https:\/\/www.skulpturenpark-hellbrunn.at\/wp-content\/uploads\/2019\/10\/Boltanski-Zeitung-dtsch-web-1.jpg\" width=\"3361\" height=\"4832\" alt=\"\" title=\"Boltanski Zeitung dtsch web-1\" aria-label=\"Boltanski Zeitung dtsch web-1\" class=\"img-responsive wp-image-1163\" srcset=\"https:\/\/www.skulpturenpark-hellbrunn.at\/wp-content\/uploads\/2019\/10\/Boltanski-Zeitung-dtsch-web-1-200x288.jpg 200w, https:\/\/www.skulpturenpark-hellbrunn.at\/wp-content\/uploads\/2019\/10\/Boltanski-Zeitung-dtsch-web-1-400x575.jpg 400w, https:\/\/www.skulpturenpark-hellbrunn.at\/wp-content\/uploads\/2019\/10\/Boltanski-Zeitung-dtsch-web-1-600x863.jpg 600w, https:\/\/www.skulpturenpark-hellbrunn.at\/wp-content\/uploads\/2019\/10\/Boltanski-Zeitung-dtsch-web-1-800x1150.jpg 800w, https:\/\/www.skulpturenpark-hellbrunn.at\/wp-content\/uploads\/2019\/10\/Boltanski-Zeitung-dtsch-web-1-1200x1725.jpg 1200w, https:\/\/www.skulpturenpark-hellbrunn.at\/wp-content\/uploads\/2019\/10\/Boltanski-Zeitung-dtsch-web-1.jpg 3361w\" sizes=\"(min-width: 2200px) 100vw, (min-width: 856px) 346px, (min-width: 784px) 462px, (min-width: 712px) 693px, (min-width: 640px) 712px, \" \/><\/a><\/div><\/div><div style=\"padding:5px;\" class=\"fusion-grid-column fusion-gallery-column fusion-gallery-column-4 hover-type-none\"><div class=\"fusion-gallery-image\"><a href=\"https:\/\/www.skulpturenpark-hellbrunn.at\/wp-content\/uploads\/2019\/07\/SZ58885_4K.jpg\" rel=\"noreferrer\" data-rel=\"iLightbox[gallery_image_1]\" class=\"fusion-lightbox\" target=\"_self\"><img src=\"https:\/\/www.skulpturenpark-hellbrunn.at\/wp-content\/uploads\/2019\/07\/SZ58885_4K.jpg\" width=\"1100\" height=\"733\" alt=\"\" title=\"_SZ58885_4K\" aria-label=\"_SZ58885_4K\" class=\"img-responsive wp-image-1076\" srcset=\"https:\/\/www.skulpturenpark-hellbrunn.at\/wp-content\/uploads\/2019\/07\/SZ58885_4K-200x133.jpg 200w, https:\/\/www.skulpturenpark-hellbrunn.at\/wp-content\/uploads\/2019\/07\/SZ58885_4K-400x267.jpg 400w, https:\/\/www.skulpturenpark-hellbrunn.at\/wp-content\/uploads\/2019\/07\/SZ58885_4K-600x400.jpg 600w, https:\/\/www.skulpturenpark-hellbrunn.at\/wp-content\/uploads\/2019\/07\/SZ58885_4K-800x533.jpg 800w, https:\/\/www.skulpturenpark-hellbrunn.at\/wp-content\/uploads\/2019\/07\/SZ58885_4K.jpg 1100w\" sizes=\"(min-width: 2200px) 100vw, (min-width: 856px) 346px, (min-width: 784px) 462px, (min-width: 712px) 693px, (min-width: 640px) 712px, \" \/><\/a><\/div><\/div><div style=\"padding:5px;\" class=\"fusion-grid-column fusion-gallery-column fusion-gallery-column-4 hover-type-none\"><div class=\"fusion-gallery-image\"><a href=\"https:\/\/www.skulpturenpark-hellbrunn.at\/wp-content\/uploads\/2019\/07\/SZ58786_4K.jpg\" rel=\"noreferrer\" data-rel=\"iLightbox[gallery_image_1]\" class=\"fusion-lightbox\" target=\"_self\"><img src=\"https:\/\/www.skulpturenpark-hellbrunn.at\/wp-content\/uploads\/2019\/07\/SZ58786_4K.jpg\" width=\"1100\" height=\"733\" alt=\"\" title=\"_SZ58786_4K\" aria-label=\"_SZ58786_4K\" class=\"img-responsive wp-image-1042\" srcset=\"https:\/\/www.skulpturenpark-hellbrunn.at\/wp-content\/uploads\/2019\/07\/SZ58786_4K-200x133.jpg 200w, https:\/\/www.skulpturenpark-hellbrunn.at\/wp-content\/uploads\/2019\/07\/SZ58786_4K-400x267.jpg 400w, https:\/\/www.skulpturenpark-hellbrunn.at\/wp-content\/uploads\/2019\/07\/SZ58786_4K-600x400.jpg 600w, https:\/\/www.skulpturenpark-hellbrunn.at\/wp-content\/uploads\/2019\/07\/SZ58786_4K-800x533.jpg 800w, https:\/\/www.skulpturenpark-hellbrunn.at\/wp-content\/uploads\/2019\/07\/SZ58786_4K.jpg 1100w\" sizes=\"(min-width: 2200px) 100vw, (min-width: 856px) 346px, (min-width: 784px) 462px, (min-width: 712px) 693px, (min-width: 640px) 712px, \" \/><\/a><\/div><\/div><div class=\"clearfix\"><\/div><div style=\"padding:5px;\" class=\"fusion-grid-column fusion-gallery-column fusion-gallery-column-4 hover-type-none\"><div class=\"fusion-gallery-image\"><a href=\"https:\/\/www.skulpturenpark-hellbrunn.at\/wp-content\/uploads\/2019\/07\/SZ58826_4K.jpg\" rel=\"noreferrer\" data-rel=\"iLightbox[gallery_image_1]\" class=\"fusion-lightbox\" target=\"_self\"><img src=\"https:\/\/www.skulpturenpark-hellbrunn.at\/wp-content\/uploads\/2019\/07\/SZ58826_4K.jpg\" width=\"1100\" height=\"733\" alt=\"\" title=\"_SZ58826_4K\" aria-label=\"_SZ58826_4K\" class=\"img-responsive wp-image-1056\" srcset=\"https:\/\/www.skulpturenpark-hellbrunn.at\/wp-content\/uploads\/2019\/07\/SZ58826_4K-200x133.jpg 200w, https:\/\/www.skulpturenpark-hellbrunn.at\/wp-content\/uploads\/2019\/07\/SZ58826_4K-400x267.jpg 400w, https:\/\/www.skulpturenpark-hellbrunn.at\/wp-content\/uploads\/2019\/07\/SZ58826_4K-600x400.jpg 600w, https:\/\/www.skulpturenpark-hellbrunn.at\/wp-content\/uploads\/2019\/07\/SZ58826_4K-800x533.jpg 800w, https:\/\/www.skulpturenpark-hellbrunn.at\/wp-content\/uploads\/2019\/07\/SZ58826_4K.jpg 1100w\" sizes=\"(min-width: 2200px) 100vw, (min-width: 856px) 346px, (min-width: 784px) 462px, (min-width: 712px) 693px, (min-width: 640px) 712px, \" \/><\/a><\/div><\/div><div style=\"padding:5px;\" class=\"fusion-grid-column fusion-gallery-column fusion-gallery-column-4 hover-type-none\"><div class=\"fusion-gallery-image\"><a href=\"https:\/\/www.skulpturenpark-hellbrunn.at\/wp-content\/uploads\/2019\/07\/SZ58784_4K.jpg\" rel=\"noreferrer\" data-rel=\"iLightbox[gallery_image_1]\" class=\"fusion-lightbox\" target=\"_self\"><img src=\"https:\/\/www.skulpturenpark-hellbrunn.at\/wp-content\/uploads\/2019\/07\/SZ58784_4K.jpg\" width=\"1100\" height=\"733\" alt=\"\" title=\"_SZ58784_4K\" aria-label=\"_SZ58784_4K\" class=\"img-responsive wp-image-1038\" srcset=\"https:\/\/www.skulpturenpark-hellbrunn.at\/wp-content\/uploads\/2019\/07\/SZ58784_4K-200x133.jpg 200w, https:\/\/www.skulpturenpark-hellbrunn.at\/wp-content\/uploads\/2019\/07\/SZ58784_4K-400x267.jpg 400w, https:\/\/www.skulpturenpark-hellbrunn.at\/wp-content\/uploads\/2019\/07\/SZ58784_4K-600x400.jpg 600w, https:\/\/www.skulpturenpark-hellbrunn.at\/wp-content\/uploads\/2019\/07\/SZ58784_4K-800x533.jpg 800w, https:\/\/www.skulpturenpark-hellbrunn.at\/wp-content\/uploads\/2019\/07\/SZ58784_4K.jpg 1100w\" sizes=\"(min-width: 2200px) 100vw, (min-width: 856px) 346px, (min-width: 784px) 462px, (min-width: 712px) 693px, (min-width: 640px) 712px, \" \/><\/a><\/div><\/div><div style=\"padding:5px;\" class=\"fusion-grid-column fusion-gallery-column fusion-gallery-column-4 hover-type-none\"><div class=\"fusion-gallery-image\"><a href=\"https:\/\/www.skulpturenpark-hellbrunn.at\/wp-content\/uploads\/2019\/07\/SZ58886_4K.jpg\" rel=\"noreferrer\" data-rel=\"iLightbox[gallery_image_1]\" class=\"fusion-lightbox\" target=\"_self\"><img src=\"https:\/\/www.skulpturenpark-hellbrunn.at\/wp-content\/uploads\/2019\/07\/SZ58886_4K.jpg\" width=\"1100\" height=\"733\" alt=\"\" title=\"_SZ58886_4K\" aria-label=\"_SZ58886_4K\" class=\"img-responsive wp-image-1078\" srcset=\"https:\/\/www.skulpturenpark-hellbrunn.at\/wp-content\/uploads\/2019\/07\/SZ58886_4K-200x133.jpg 200w, https:\/\/www.skulpturenpark-hellbrunn.at\/wp-content\/uploads\/2019\/07\/SZ58886_4K-400x267.jpg 400w, https:\/\/www.skulpturenpark-hellbrunn.at\/wp-content\/uploads\/2019\/07\/SZ58886_4K-600x400.jpg 600w, https:\/\/www.skulpturenpark-hellbrunn.at\/wp-content\/uploads\/2019\/07\/SZ58886_4K-800x533.jpg 800w, https:\/\/www.skulpturenpark-hellbrunn.at\/wp-content\/uploads\/2019\/07\/SZ58886_4K.jpg 1100w\" sizes=\"(min-width: 2200px) 100vw, (min-width: 856px) 346px, (min-width: 784px) 462px, (min-width: 712px) 693px, (min-width: 640px) 712px, \" \/><\/a><\/div><\/div><div style=\"padding:5px;\" class=\"fusion-grid-column fusion-gallery-column fusion-gallery-column-4 hover-type-none\"><div class=\"fusion-gallery-image\"><a href=\"https:\/\/www.skulpturenpark-hellbrunn.at\/wp-content\/uploads\/2019\/07\/SZ58802_4K.jpg\" rel=\"noreferrer\" data-rel=\"iLightbox[gallery_image_1]\" class=\"fusion-lightbox\" target=\"_self\"><img src=\"https:\/\/www.skulpturenpark-hellbrunn.at\/wp-content\/uploads\/2019\/07\/SZ58802_4K.jpg\" width=\"1100\" height=\"733\" alt=\"\" title=\"_SZ58802_4K\" aria-label=\"_SZ58802_4K\" class=\"img-responsive wp-image-1048\" srcset=\"https:\/\/www.skulpturenpark-hellbrunn.at\/wp-content\/uploads\/2019\/07\/SZ58802_4K-200x133.jpg 200w, https:\/\/www.skulpturenpark-hellbrunn.at\/wp-content\/uploads\/2019\/07\/SZ58802_4K-400x267.jpg 400w, https:\/\/www.skulpturenpark-hellbrunn.at\/wp-content\/uploads\/2019\/07\/SZ58802_4K-600x400.jpg 600w, https:\/\/www.skulpturenpark-hellbrunn.at\/wp-content\/uploads\/2019\/07\/SZ58802_4K-800x533.jpg 800w, https:\/\/www.skulpturenpark-hellbrunn.at\/wp-content\/uploads\/2019\/07\/SZ58802_4K.jpg 1100w\" sizes=\"(min-width: 2200px) 100vw, (min-width: 856px) 346px, (min-width: 784px) 462px, (min-width: 712px) 693px, (min-width: 640px) 712px, \" \/><\/a><\/div><\/div><div class=\"clearfix\"><\/div><div style=\"padding:5px;\" class=\"fusion-grid-column fusion-gallery-column fusion-gallery-column-4 hover-type-none\"><div class=\"fusion-gallery-image\"><a href=\"https:\/\/www.skulpturenpark-hellbrunn.at\/wp-content\/uploads\/2019\/07\/SZ58821_4K.jpg\" rel=\"noreferrer\" data-rel=\"iLightbox[gallery_image_1]\" class=\"fusion-lightbox\" target=\"_self\"><img src=\"https:\/\/www.skulpturenpark-hellbrunn.at\/wp-content\/uploads\/2019\/07\/SZ58821_4K.jpg\" width=\"825\" height=\"1100\" alt=\"\" title=\"_SZ58821_4K\" aria-label=\"_SZ58821_4K\" class=\"img-responsive wp-image-1054\" srcset=\"https:\/\/www.skulpturenpark-hellbrunn.at\/wp-content\/uploads\/2019\/07\/SZ58821_4K-200x267.jpg 200w, https:\/\/www.skulpturenpark-hellbrunn.at\/wp-content\/uploads\/2019\/07\/SZ58821_4K-400x533.jpg 400w, https:\/\/www.skulpturenpark-hellbrunn.at\/wp-content\/uploads\/2019\/07\/SZ58821_4K-600x800.jpg 600w, https:\/\/www.skulpturenpark-hellbrunn.at\/wp-content\/uploads\/2019\/07\/SZ58821_4K-800x1067.jpg 800w, https:\/\/www.skulpturenpark-hellbrunn.at\/wp-content\/uploads\/2019\/07\/SZ58821_4K.jpg 825w\" sizes=\"(min-width: 2200px) 100vw, (min-width: 856px) 346px, (min-width: 784px) 462px, (min-width: 712px) 693px, (min-width: 640px) 712px, \" \/><\/a><\/div><\/div><div style=\"padding:5px;\" class=\"fusion-grid-column fusion-gallery-column fusion-gallery-column-4 hover-type-none\"><div class=\"fusion-gallery-image\"><a href=\"https:\/\/www.skulpturenpark-hellbrunn.at\/wp-content\/uploads\/2019\/07\/SZ58749_4K.jpg\" rel=\"noreferrer\" data-rel=\"iLightbox[gallery_image_1]\" class=\"fusion-lightbox\" target=\"_self\"><img src=\"https:\/\/www.skulpturenpark-hellbrunn.at\/wp-content\/uploads\/2019\/07\/SZ58749_4K.jpg\" width=\"1100\" height=\"733\" alt=\"\" title=\"_SZ58749_4K\" aria-label=\"_SZ58749_4K\" class=\"img-responsive wp-image-1010\" srcset=\"https:\/\/www.skulpturenpark-hellbrunn.at\/wp-content\/uploads\/2019\/07\/SZ58749_4K-200x133.jpg 200w, https:\/\/www.skulpturenpark-hellbrunn.at\/wp-content\/uploads\/2019\/07\/SZ58749_4K-400x267.jpg 400w, https:\/\/www.skulpturenpark-hellbrunn.at\/wp-content\/uploads\/2019\/07\/SZ58749_4K-600x400.jpg 600w, https:\/\/www.skulpturenpark-hellbrunn.at\/wp-content\/uploads\/2019\/07\/SZ58749_4K-800x533.jpg 800w, https:\/\/www.skulpturenpark-hellbrunn.at\/wp-content\/uploads\/2019\/07\/SZ58749_4K.jpg 1100w\" sizes=\"(min-width: 2200px) 100vw, (min-width: 856px) 346px, (min-width: 784px) 462px, (min-width: 712px) 693px, (min-width: 640px) 712px, \" \/><\/a><\/div><\/div><div style=\"padding:5px;\" class=\"fusion-grid-column fusion-gallery-column fusion-gallery-column-4 hover-type-none\"><div class=\"fusion-gallery-image\"><a href=\"https:\/\/www.skulpturenpark-hellbrunn.at\/wp-content\/uploads\/2019\/07\/SZ58846_4K.jpg\" rel=\"noreferrer\" data-rel=\"iLightbox[gallery_image_1]\" class=\"fusion-lightbox\" target=\"_self\"><img src=\"https:\/\/www.skulpturenpark-hellbrunn.at\/wp-content\/uploads\/2019\/07\/SZ58846_4K.jpg\" width=\"1100\" height=\"733\" alt=\"\" title=\"_SZ58846_4K\" aria-label=\"_SZ58846_4K\" class=\"img-responsive wp-image-1058\" srcset=\"https:\/\/www.skulpturenpark-hellbrunn.at\/wp-content\/uploads\/2019\/07\/SZ58846_4K-200x133.jpg 200w, https:\/\/www.skulpturenpark-hellbrunn.at\/wp-content\/uploads\/2019\/07\/SZ58846_4K-400x267.jpg 400w, https:\/\/www.skulpturenpark-hellbrunn.at\/wp-content\/uploads\/2019\/07\/SZ58846_4K-600x400.jpg 600w, https:\/\/www.skulpturenpark-hellbrunn.at\/wp-content\/uploads\/2019\/07\/SZ58846_4K-800x533.jpg 800w, https:\/\/www.skulpturenpark-hellbrunn.at\/wp-content\/uploads\/2019\/07\/SZ58846_4K.jpg 1100w\" sizes=\"(min-width: 2200px) 100vw, (min-width: 856px) 346px, (min-width: 784px) 462px, (min-width: 712px) 693px, (min-width: 640px) 712px, \" \/><\/a><\/div><\/div><div style=\"padding:5px;\" class=\"fusion-grid-column fusion-gallery-column fusion-gallery-column-4 hover-type-none\"><div class=\"fusion-gallery-image\"><a href=\"https:\/\/www.skulpturenpark-hellbrunn.at\/wp-content\/uploads\/2019\/07\/SZ58883_4K.jpg\" rel=\"noreferrer\" data-rel=\"iLightbox[gallery_image_1]\" class=\"fusion-lightbox\" target=\"_self\"><img src=\"https:\/\/www.skulpturenpark-hellbrunn.at\/wp-content\/uploads\/2019\/07\/SZ58883_4K.jpg\" width=\"733\" height=\"1100\" alt=\"\" title=\"_SZ58883_4K\" aria-label=\"_SZ58883_4K\" class=\"img-responsive wp-image-1074\" srcset=\"https:\/\/www.skulpturenpark-hellbrunn.at\/wp-content\/uploads\/2019\/07\/SZ58883_4K-200x300.jpg 200w, https:\/\/www.skulpturenpark-hellbrunn.at\/wp-content\/uploads\/2019\/07\/SZ58883_4K-400x600.jpg 400w, https:\/\/www.skulpturenpark-hellbrunn.at\/wp-content\/uploads\/2019\/07\/SZ58883_4K-600x900.jpg 600w, https:\/\/www.skulpturenpark-hellbrunn.at\/wp-content\/uploads\/2019\/07\/SZ58883_4K.jpg 733w\" sizes=\"(min-width: 2200px) 100vw, (min-width: 856px) 346px, (min-width: 784px) 462px, (min-width: 712px) 693px, (min-width: 640px) 712px, \" \/><\/a><\/div><\/div><div class=\"clearfix\"><\/div><\/div>\n<style type=\"text\/css\"><\/style><div class=\"fusion-title title fusion-title-6 fusion-sep-none fusion-title-text fusion-title-size-one\" style=\"margin-top:0px;margin-right:0px;margin-bottom:31px;margin-left:0px;\"><h1 class=\"title-heading-left fusion-responsive-typography-calculated\" style=\"margin:0;--fontSize:20;--minFontSize:20px;line-height:1.2;\"><\/h1><\/div><style type=\"text\/css\"><\/style><div class=\"fusion-title title fusion-title-7 fusion-sep-none fusion-title-text fusion-title-size-one\" style=\"margin-top:0px;margin-right:0px;margin-bottom:31px;margin-left:0px;\"><h1 class=\"title-heading-left fusion-responsive-typography-calculated\" style=\"margin:0;--fontSize:20;--minFontSize:20px;line-height:1.2;\"><h1><span style=\"color: #000000;\">Photo gallery sculptures<\/span><\/h1>\n<p>Credit: Enrique Asensi<\/p><\/h1><\/div><style type=\"text\/css\">.fusion-gallery-2 .fusion-gallery-image {border:0px solid #f6f6f6;}<\/style><div class=\"fusion-gallery fusion-gallery-container fusion-grid-3 fusion-columns-total-21 fusion-gallery-layout-grid fusion-gallery-2\" style=\"margin:-5px;\"><div style=\"padding:5px;\" class=\"fusion-grid-column fusion-gallery-column fusion-gallery-column-3 hover-type-none\"><div class=\"fusion-gallery-image\"><a href=\"https:\/\/www.skulpturenpark-hellbrunn.at\/wp-content\/uploads\/2018\/06\/angelehnt-1klein.jpg\" rel=\"noreferrer\" data-rel=\"iLightbox[gallery_image_2]\" class=\"fusion-lightbox\" target=\"_self\"><img src=\"https:\/\/www.skulpturenpark-hellbrunn.at\/wp-content\/uploads\/2018\/06\/angelehnt-1klein.jpg\" width=\"765\" height=\"1147\" alt=\"\" title=\"angelehnt 1klein\" aria-label=\"angelehnt 1klein\" class=\"img-responsive wp-image-483\" srcset=\"https:\/\/www.skulpturenpark-hellbrunn.at\/wp-content\/uploads\/2018\/06\/angelehnt-1klein-200x300.jpg 200w, https:\/\/www.skulpturenpark-hellbrunn.at\/wp-content\/uploads\/2018\/06\/angelehnt-1klein-400x600.jpg 400w, https:\/\/www.skulpturenpark-hellbrunn.at\/wp-content\/uploads\/2018\/06\/angelehnt-1klein-600x900.jpg 600w, https:\/\/www.skulpturenpark-hellbrunn.at\/wp-content\/uploads\/2018\/06\/angelehnt-1klein.jpg 765w\" sizes=\"(min-width: 2200px) 100vw, (min-width: 784px) 463px, (min-width: 712px) 695px, (min-width: 640px) 712px, \" \/><\/a><\/div><\/div><div style=\"padding:5px;\" class=\"fusion-grid-column fusion-gallery-column fusion-gallery-column-3 hover-type-none\"><div class=\"fusion-gallery-image\"><a href=\"https:\/\/www.skulpturenpark-hellbrunn.at\/wp-content\/uploads\/2018\/06\/angelehnt-2klein.jpg\" rel=\"noreferrer\" data-rel=\"iLightbox[gallery_image_2]\" class=\"fusion-lightbox\" target=\"_self\"><img src=\"https:\/\/www.skulpturenpark-hellbrunn.at\/wp-content\/uploads\/2018\/06\/angelehnt-2klein.jpg\" width=\"765\" height=\"1110\" alt=\"\" title=\"angelehnt 2klein\" aria-label=\"angelehnt 2klein\" class=\"img-responsive wp-image-484\" srcset=\"https:\/\/www.skulpturenpark-hellbrunn.at\/wp-content\/uploads\/2018\/06\/angelehnt-2klein-200x290.jpg 200w, https:\/\/www.skulpturenpark-hellbrunn.at\/wp-content\/uploads\/2018\/06\/angelehnt-2klein-400x580.jpg 400w, https:\/\/www.skulpturenpark-hellbrunn.at\/wp-content\/uploads\/2018\/06\/angelehnt-2klein-600x871.jpg 600w, https:\/\/www.skulpturenpark-hellbrunn.at\/wp-content\/uploads\/2018\/06\/angelehnt-2klein.jpg 765w\" sizes=\"(min-width: 2200px) 100vw, (min-width: 784px) 463px, (min-width: 712px) 695px, (min-width: 640px) 712px, \" \/><\/a><\/div><\/div><div style=\"padding:5px;\" class=\"fusion-grid-column fusion-gallery-column fusion-gallery-column-3 hover-type-none\"><div class=\"fusion-gallery-image\"><a href=\"https:\/\/www.skulpturenpark-hellbrunn.at\/wp-content\/uploads\/2018\/06\/Edition1klein.jpg\" rel=\"noreferrer\" data-rel=\"iLightbox[gallery_image_2]\" class=\"fusion-lightbox\" target=\"_self\"><img src=\"https:\/\/www.skulpturenpark-hellbrunn.at\/wp-content\/uploads\/2018\/06\/Edition1klein.jpg\" width=\"765\" height=\"1298\" alt=\"\" title=\"Edition1klein\" aria-label=\"Edition1klein\" class=\"img-responsive wp-image-485\" srcset=\"https:\/\/www.skulpturenpark-hellbrunn.at\/wp-content\/uploads\/2018\/06\/Edition1klein-200x339.jpg 200w, https:\/\/www.skulpturenpark-hellbrunn.at\/wp-content\/uploads\/2018\/06\/Edition1klein-400x679.jpg 400w, https:\/\/www.skulpturenpark-hellbrunn.at\/wp-content\/uploads\/2018\/06\/Edition1klein-600x1018.jpg 600w, https:\/\/www.skulpturenpark-hellbrunn.at\/wp-content\/uploads\/2018\/06\/Edition1klein.jpg 765w\" sizes=\"(min-width: 2200px) 100vw, (min-width: 784px) 463px, (min-width: 712px) 695px, (min-width: 640px) 712px, \" \/><\/a><\/div><\/div><div class=\"clearfix\"><\/div><div style=\"padding:5px;\" class=\"fusion-grid-column fusion-gallery-column fusion-gallery-column-3 hover-type-none\"><div class=\"fusion-gallery-image\"><a href=\"https:\/\/www.skulpturenpark-hellbrunn.at\/wp-content\/uploads\/2018\/06\/Edition2klein.jpg\" rel=\"noreferrer\" data-rel=\"iLightbox[gallery_image_2]\" class=\"fusion-lightbox\" target=\"_self\"><img src=\"https:\/\/www.skulpturenpark-hellbrunn.at\/wp-content\/uploads\/2018\/06\/Edition2klein.jpg\" width=\"765\" height=\"1089\" alt=\"\" title=\"Edition2klein\" aria-label=\"Edition2klein\" class=\"img-responsive wp-image-486\" srcset=\"https:\/\/www.skulpturenpark-hellbrunn.at\/wp-content\/uploads\/2018\/06\/Edition2klein-200x285.jpg 200w, https:\/\/www.skulpturenpark-hellbrunn.at\/wp-content\/uploads\/2018\/06\/Edition2klein-400x569.jpg 400w, https:\/\/www.skulpturenpark-hellbrunn.at\/wp-content\/uploads\/2018\/06\/Edition2klein-600x854.jpg 600w, https:\/\/www.skulpturenpark-hellbrunn.at\/wp-content\/uploads\/2018\/06\/Edition2klein.jpg 765w\" sizes=\"(min-width: 2200px) 100vw, (min-width: 784px) 463px, (min-width: 712px) 695px, (min-width: 640px) 712px, \" \/><\/a><\/div><\/div><div style=\"padding:5px;\" class=\"fusion-grid-column fusion-gallery-column fusion-gallery-column-3 hover-type-none\"><div class=\"fusion-gallery-image\"><a href=\"https:\/\/www.skulpturenpark-hellbrunn.at\/wp-content\/uploads\/2018\/06\/Edition3klein.jpg\" rel=\"noreferrer\" data-rel=\"iLightbox[gallery_image_2]\" class=\"fusion-lightbox\" target=\"_self\"><img src=\"https:\/\/www.skulpturenpark-hellbrunn.at\/wp-content\/uploads\/2018\/06\/Edition3klein.jpg\" width=\"765\" height=\"828\" alt=\"\" title=\"Edition3klein\" aria-label=\"Edition3klein\" class=\"img-responsive wp-image-487\" srcset=\"https:\/\/www.skulpturenpark-hellbrunn.at\/wp-content\/uploads\/2018\/06\/Edition3klein-200x216.jpg 200w, https:\/\/www.skulpturenpark-hellbrunn.at\/wp-content\/uploads\/2018\/06\/Edition3klein-400x433.jpg 400w, https:\/\/www.skulpturenpark-hellbrunn.at\/wp-content\/uploads\/2018\/06\/Edition3klein-600x649.jpg 600w, https:\/\/www.skulpturenpark-hellbrunn.at\/wp-content\/uploads\/2018\/06\/Edition3klein.jpg 765w\" sizes=\"(min-width: 2200px) 100vw, (min-width: 784px) 463px, (min-width: 712px) 695px, (min-width: 640px) 712px, \" \/><\/a><\/div><\/div><div style=\"padding:5px;\" class=\"fusion-grid-column fusion-gallery-column fusion-gallery-column-3 hover-type-none\"><div class=\"fusion-gallery-image\"><a href=\"https:\/\/www.skulpturenpark-hellbrunn.at\/wp-content\/uploads\/2018\/06\/Edition4klein.jpg\" rel=\"noreferrer\" data-rel=\"iLightbox[gallery_image_2]\" class=\"fusion-lightbox\" target=\"_self\"><img src=\"https:\/\/www.skulpturenpark-hellbrunn.at\/wp-content\/uploads\/2018\/06\/Edition4klein.jpg\" width=\"765\" height=\"1190\" alt=\"\" title=\"Edition4klein\" aria-label=\"Edition4klein\" class=\"img-responsive wp-image-488\" srcset=\"https:\/\/www.skulpturenpark-hellbrunn.at\/wp-content\/uploads\/2018\/06\/Edition4klein-200x311.jpg 200w, https:\/\/www.skulpturenpark-hellbrunn.at\/wp-content\/uploads\/2018\/06\/Edition4klein-400x622.jpg 400w, https:\/\/www.skulpturenpark-hellbrunn.at\/wp-content\/uploads\/2018\/06\/Edition4klein-600x933.jpg 600w, https:\/\/www.skulpturenpark-hellbrunn.at\/wp-content\/uploads\/2018\/06\/Edition4klein.jpg 765w\" sizes=\"(min-width: 2200px) 100vw, (min-width: 784px) 463px, (min-width: 712px) 695px, (min-width: 640px) 712px, \" \/><\/a><\/div><\/div><div class=\"clearfix\"><\/div><div style=\"padding:5px;\" class=\"fusion-grid-column fusion-gallery-column fusion-gallery-column-3 hover-type-none\"><div class=\"fusion-gallery-image\"><a href=\"https:\/\/www.skulpturenpark-hellbrunn.at\/wp-content\/uploads\/2018\/08\/fullsizeoutput_20f7.jpegklein.jpg\" rel=\"noreferrer\" data-rel=\"iLightbox[gallery_image_2]\" class=\"fusion-lightbox\" target=\"_self\"><img src=\"https:\/\/www.skulpturenpark-hellbrunn.at\/wp-content\/uploads\/2018\/08\/fullsizeoutput_20f7.jpegklein.jpg\" width=\"1098\" height=\"732\" alt=\"\" title=\"fullsizeoutput_20f7.jpegklein\" aria-label=\"fullsizeoutput_20f7.jpegklein\" class=\"img-responsive wp-image-819\" srcset=\"https:\/\/www.skulpturenpark-hellbrunn.at\/wp-content\/uploads\/2018\/08\/fullsizeoutput_20f7.jpegklein-200x133.jpg 200w, https:\/\/www.skulpturenpark-hellbrunn.at\/wp-content\/uploads\/2018\/08\/fullsizeoutput_20f7.jpegklein-400x267.jpg 400w, https:\/\/www.skulpturenpark-hellbrunn.at\/wp-content\/uploads\/2018\/08\/fullsizeoutput_20f7.jpegklein-600x400.jpg 600w, https:\/\/www.skulpturenpark-hellbrunn.at\/wp-content\/uploads\/2018\/08\/fullsizeoutput_20f7.jpegklein-800x533.jpg 800w, https:\/\/www.skulpturenpark-hellbrunn.at\/wp-content\/uploads\/2018\/08\/fullsizeoutput_20f7.jpegklein.jpg 1098w\" sizes=\"(min-width: 2200px) 100vw, (min-width: 784px) 463px, (min-width: 712px) 695px, (min-width: 640px) 712px, \" \/><\/a><\/div><\/div><div style=\"padding:5px;\" class=\"fusion-grid-column fusion-gallery-column fusion-gallery-column-3 hover-type-none\"><div class=\"fusion-gallery-image\"><a href=\"https:\/\/www.skulpturenpark-hellbrunn.at\/wp-content\/uploads\/2018\/08\/fullsizeoutput_20d7.jpegklein.jpg\" rel=\"noreferrer\" data-rel=\"iLightbox[gallery_image_2]\" class=\"fusion-lightbox\" target=\"_self\"><img src=\"https:\/\/www.skulpturenpark-hellbrunn.at\/wp-content\/uploads\/2018\/08\/fullsizeoutput_20d7.jpegklein.jpg\" width=\"1098\" height=\"732\" alt=\"\" title=\"fullsizeoutput_20d7.jpegklein\" aria-label=\"fullsizeoutput_20d7.jpegklein\" class=\"img-responsive wp-image-805\" srcset=\"https:\/\/www.skulpturenpark-hellbrunn.at\/wp-content\/uploads\/2018\/08\/fullsizeoutput_20d7.jpegklein-200x133.jpg 200w, https:\/\/www.skulpturenpark-hellbrunn.at\/wp-content\/uploads\/2018\/08\/fullsizeoutput_20d7.jpegklein-400x267.jpg 400w, https:\/\/www.skulpturenpark-hellbrunn.at\/wp-content\/uploads\/2018\/08\/fullsizeoutput_20d7.jpegklein-600x400.jpg 600w, https:\/\/www.skulpturenpark-hellbrunn.at\/wp-content\/uploads\/2018\/08\/fullsizeoutput_20d7.jpegklein-800x533.jpg 800w, https:\/\/www.skulpturenpark-hellbrunn.at\/wp-content\/uploads\/2018\/08\/fullsizeoutput_20d7.jpegklein.jpg 1098w\" sizes=\"(min-width: 2200px) 100vw, (min-width: 784px) 463px, (min-width: 712px) 695px, (min-width: 640px) 712px, \" \/><\/a><\/div><\/div><div style=\"padding:5px;\" class=\"fusion-grid-column fusion-gallery-column fusion-gallery-column-3 hover-type-none\"><div class=\"fusion-gallery-image\"><a href=\"https:\/\/www.skulpturenpark-hellbrunn.at\/wp-content\/uploads\/2018\/08\/fullsizeoutput_20f0.jpegklein.jpg\" rel=\"noreferrer\" data-rel=\"iLightbox[gallery_image_2]\" class=\"fusion-lightbox\" target=\"_self\"><img src=\"https:\/\/www.skulpturenpark-hellbrunn.at\/wp-content\/uploads\/2018\/08\/fullsizeoutput_20f0.jpegklein.jpg\" width=\"1098\" height=\"732\" alt=\"\" title=\"fullsizeoutput_20f0.jpegklein\" aria-label=\"fullsizeoutput_20f0.jpegklein\" class=\"img-responsive wp-image-817\" srcset=\"https:\/\/www.skulpturenpark-hellbrunn.at\/wp-content\/uploads\/2018\/08\/fullsizeoutput_20f0.jpegklein-200x133.jpg 200w, https:\/\/www.skulpturenpark-hellbrunn.at\/wp-content\/uploads\/2018\/08\/fullsizeoutput_20f0.jpegklein-400x267.jpg 400w, https:\/\/www.skulpturenpark-hellbrunn.at\/wp-content\/uploads\/2018\/08\/fullsizeoutput_20f0.jpegklein-600x400.jpg 600w, https:\/\/www.skulpturenpark-hellbrunn.at\/wp-content\/uploads\/2018\/08\/fullsizeoutput_20f0.jpegklein-800x533.jpg 800w, https:\/\/www.skulpturenpark-hellbrunn.at\/wp-content\/uploads\/2018\/08\/fullsizeoutput_20f0.jpegklein.jpg 1098w\" sizes=\"(min-width: 2200px) 100vw, (min-width: 784px) 463px, (min-width: 712px) 695px, (min-width: 640px) 712px, \" \/><\/a><\/div><\/div><div class=\"clearfix\"><\/div><div style=\"padding:5px;\" class=\"fusion-grid-column fusion-gallery-column fusion-gallery-column-3 hover-type-none\"><div class=\"fusion-gallery-image\"><a href=\"https:\/\/www.skulpturenpark-hellbrunn.at\/wp-content\/uploads\/2018\/08\/fullsizeoutput_20d2.jpegklein.jpg\" rel=\"noreferrer\" data-rel=\"iLightbox[gallery_image_2]\" class=\"fusion-lightbox\" target=\"_self\"><img src=\"https:\/\/www.skulpturenpark-hellbrunn.at\/wp-content\/uploads\/2018\/08\/fullsizeoutput_20d2.jpegklein.jpg\" width=\"1098\" height=\"732\" alt=\"\" title=\"fullsizeoutput_20d2.jpegklein\" aria-label=\"fullsizeoutput_20d2.jpegklein\" class=\"img-responsive wp-image-803\" srcset=\"https:\/\/www.skulpturenpark-hellbrunn.at\/wp-content\/uploads\/2018\/08\/fullsizeoutput_20d2.jpegklein-200x133.jpg 200w, https:\/\/www.skulpturenpark-hellbrunn.at\/wp-content\/uploads\/2018\/08\/fullsizeoutput_20d2.jpegklein-400x267.jpg 400w, https:\/\/www.skulpturenpark-hellbrunn.at\/wp-content\/uploads\/2018\/08\/fullsizeoutput_20d2.jpegklein-600x400.jpg 600w, https:\/\/www.skulpturenpark-hellbrunn.at\/wp-content\/uploads\/2018\/08\/fullsizeoutput_20d2.jpegklein-800x533.jpg 800w, https:\/\/www.skulpturenpark-hellbrunn.at\/wp-content\/uploads\/2018\/08\/fullsizeoutput_20d2.jpegklein.jpg 1098w\" sizes=\"(min-width: 2200px) 100vw, (min-width: 784px) 463px, (min-width: 712px) 695px, (min-width: 640px) 712px, \" \/><\/a><\/div><\/div><div style=\"padding:5px;\" class=\"fusion-grid-column fusion-gallery-column fusion-gallery-column-3 hover-type-none\"><div class=\"fusion-gallery-image\"><a href=\"https:\/\/www.skulpturenpark-hellbrunn.at\/wp-content\/uploads\/2018\/08\/fullsizeoutput_20ee.jpegklein.jpg\" rel=\"noreferrer\" data-rel=\"iLightbox[gallery_image_2]\" class=\"fusion-lightbox\" target=\"_self\"><img src=\"https:\/\/www.skulpturenpark-hellbrunn.at\/wp-content\/uploads\/2018\/08\/fullsizeoutput_20ee.jpegklein.jpg\" width=\"1098\" height=\"732\" alt=\"\" title=\"fullsizeoutput_20ee.jpegklein\" aria-label=\"fullsizeoutput_20ee.jpegklein\" class=\"img-responsive wp-image-815\" srcset=\"https:\/\/www.skulpturenpark-hellbrunn.at\/wp-content\/uploads\/2018\/08\/fullsizeoutput_20ee.jpegklein-200x133.jpg 200w, https:\/\/www.skulpturenpark-hellbrunn.at\/wp-content\/uploads\/2018\/08\/fullsizeoutput_20ee.jpegklein-400x267.jpg 400w, https:\/\/www.skulpturenpark-hellbrunn.at\/wp-content\/uploads\/2018\/08\/fullsizeoutput_20ee.jpegklein-600x400.jpg 600w, https:\/\/www.skulpturenpark-hellbrunn.at\/wp-content\/uploads\/2018\/08\/fullsizeoutput_20ee.jpegklein-800x533.jpg 800w, https:\/\/www.skulpturenpark-hellbrunn.at\/wp-content\/uploads\/2018\/08\/fullsizeoutput_20ee.jpegklein.jpg 1098w\" sizes=\"(min-width: 2200px) 100vw, (min-width: 784px) 463px, (min-width: 712px) 695px, (min-width: 640px) 712px, \" \/><\/a><\/div><\/div><div style=\"padding:5px;\" class=\"fusion-grid-column fusion-gallery-column fusion-gallery-column-3 hover-type-none\"><div class=\"fusion-gallery-image\"><a href=\"https:\/\/www.skulpturenpark-hellbrunn.at\/wp-content\/uploads\/2018\/08\/fullsizeoutput_20cc.jpegklein.jpg\" rel=\"noreferrer\" data-rel=\"iLightbox[gallery_image_2]\" class=\"fusion-lightbox\" target=\"_self\"><img src=\"https:\/\/www.skulpturenpark-hellbrunn.at\/wp-content\/uploads\/2018\/08\/fullsizeoutput_20cc.jpegklein.jpg\" width=\"1098\" height=\"732\" alt=\"\" title=\"fullsizeoutput_20cc.jpegklein\" aria-label=\"fullsizeoutput_20cc.jpegklein\" class=\"img-responsive wp-image-801\" srcset=\"https:\/\/www.skulpturenpark-hellbrunn.at\/wp-content\/uploads\/2018\/08\/fullsizeoutput_20cc.jpegklein-200x133.jpg 200w, https:\/\/www.skulpturenpark-hellbrunn.at\/wp-content\/uploads\/2018\/08\/fullsizeoutput_20cc.jpegklein-400x267.jpg 400w, https:\/\/www.skulpturenpark-hellbrunn.at\/wp-content\/uploads\/2018\/08\/fullsizeoutput_20cc.jpegklein-600x400.jpg 600w, https:\/\/www.skulpturenpark-hellbrunn.at\/wp-content\/uploads\/2018\/08\/fullsizeoutput_20cc.jpegklein-800x533.jpg 800w, https:\/\/www.skulpturenpark-hellbrunn.at\/wp-content\/uploads\/2018\/08\/fullsizeoutput_20cc.jpegklein.jpg 1098w\" sizes=\"(min-width: 2200px) 100vw, (min-width: 784px) 463px, (min-width: 712px) 695px, (min-width: 640px) 712px, \" \/><\/a><\/div><\/div><div class=\"clearfix\"><\/div><div style=\"padding:5px;\" class=\"fusion-grid-column fusion-gallery-column fusion-gallery-column-3 hover-type-none\"><div class=\"fusion-gallery-image\"><a href=\"https:\/\/www.skulpturenpark-hellbrunn.at\/wp-content\/uploads\/2018\/08\/fullsizeoutput_20ed.jpegklein.jpg\" rel=\"noreferrer\" data-rel=\"iLightbox[gallery_image_2]\" class=\"fusion-lightbox\" target=\"_self\"><img src=\"https:\/\/www.skulpturenpark-hellbrunn.at\/wp-content\/uploads\/2018\/08\/fullsizeoutput_20ed.jpegklein.jpg\" width=\"1098\" height=\"732\" alt=\"\" title=\"fullsizeoutput_20ed.jpegklein\" aria-label=\"fullsizeoutput_20ed.jpegklein\" class=\"img-responsive wp-image-813\" srcset=\"https:\/\/www.skulpturenpark-hellbrunn.at\/wp-content\/uploads\/2018\/08\/fullsizeoutput_20ed.jpegklein-200x133.jpg 200w, https:\/\/www.skulpturenpark-hellbrunn.at\/wp-content\/uploads\/2018\/08\/fullsizeoutput_20ed.jpegklein-400x267.jpg 400w, https:\/\/www.skulpturenpark-hellbrunn.at\/wp-content\/uploads\/2018\/08\/fullsizeoutput_20ed.jpegklein-600x400.jpg 600w, https:\/\/www.skulpturenpark-hellbrunn.at\/wp-content\/uploads\/2018\/08\/fullsizeoutput_20ed.jpegklein-800x533.jpg 800w, https:\/\/www.skulpturenpark-hellbrunn.at\/wp-content\/uploads\/2018\/08\/fullsizeoutput_20ed.jpegklein.jpg 1098w\" sizes=\"(min-width: 2200px) 100vw, (min-width: 784px) 463px, (min-width: 712px) 695px, (min-width: 640px) 712px, \" \/><\/a><\/div><\/div><div style=\"padding:5px;\" class=\"fusion-grid-column fusion-gallery-column fusion-gallery-column-3 hover-type-none\"><div class=\"fusion-gallery-image\"><a href=\"https:\/\/www.skulpturenpark-hellbrunn.at\/wp-content\/uploads\/2018\/08\/fullsizeoutput_20c1.jpegklein.jpg\" rel=\"noreferrer\" data-rel=\"iLightbox[gallery_image_2]\" class=\"fusion-lightbox\" target=\"_self\"><img src=\"https:\/\/www.skulpturenpark-hellbrunn.at\/wp-content\/uploads\/2018\/08\/fullsizeoutput_20c1.jpegklein.jpg\" width=\"1098\" height=\"732\" alt=\"\" title=\"fullsizeoutput_20c1.jpegklein\" aria-label=\"fullsizeoutput_20c1.jpegklein\" class=\"img-responsive wp-image-799\" srcset=\"https:\/\/www.skulpturenpark-hellbrunn.at\/wp-content\/uploads\/2018\/08\/fullsizeoutput_20c1.jpegklein-200x133.jpg 200w, https:\/\/www.skulpturenpark-hellbrunn.at\/wp-content\/uploads\/2018\/08\/fullsizeoutput_20c1.jpegklein-400x267.jpg 400w, https:\/\/www.skulpturenpark-hellbrunn.at\/wp-content\/uploads\/2018\/08\/fullsizeoutput_20c1.jpegklein-600x400.jpg 600w, https:\/\/www.skulpturenpark-hellbrunn.at\/wp-content\/uploads\/2018\/08\/fullsizeoutput_20c1.jpegklein-800x533.jpg 800w, https:\/\/www.skulpturenpark-hellbrunn.at\/wp-content\/uploads\/2018\/08\/fullsizeoutput_20c1.jpegklein.jpg 1098w\" sizes=\"(min-width: 2200px) 100vw, (min-width: 784px) 463px, (min-width: 712px) 695px, (min-width: 640px) 712px, \" \/><\/a><\/div><\/div><div style=\"padding:5px;\" class=\"fusion-grid-column fusion-gallery-column fusion-gallery-column-3 hover-type-none\"><div class=\"fusion-gallery-image\"><a href=\"https:\/\/www.skulpturenpark-hellbrunn.at\/wp-content\/uploads\/2018\/08\/fullsizeoutput_20e0.jpegklein.jpg\" rel=\"noreferrer\" data-rel=\"iLightbox[gallery_image_2]\" class=\"fusion-lightbox\" target=\"_self\"><img src=\"https:\/\/www.skulpturenpark-hellbrunn.at\/wp-content\/uploads\/2018\/08\/fullsizeoutput_20e0.jpegklein.jpg\" width=\"1098\" height=\"732\" alt=\"\" title=\"fullsizeoutput_20e0.jpegklein\" aria-label=\"fullsizeoutput_20e0.jpegklein\" class=\"img-responsive wp-image-811\" srcset=\"https:\/\/www.skulpturenpark-hellbrunn.at\/wp-content\/uploads\/2018\/08\/fullsizeoutput_20e0.jpegklein-200x133.jpg 200w, https:\/\/www.skulpturenpark-hellbrunn.at\/wp-content\/uploads\/2018\/08\/fullsizeoutput_20e0.jpegklein-400x267.jpg 400w, https:\/\/www.skulpturenpark-hellbrunn.at\/wp-content\/uploads\/2018\/08\/fullsizeoutput_20e0.jpegklein-600x400.jpg 600w, https:\/\/www.skulpturenpark-hellbrunn.at\/wp-content\/uploads\/2018\/08\/fullsizeoutput_20e0.jpegklein-800x533.jpg 800w, https:\/\/www.skulpturenpark-hellbrunn.at\/wp-content\/uploads\/2018\/08\/fullsizeoutput_20e0.jpegklein.jpg 1098w\" sizes=\"(min-width: 2200px) 100vw, (min-width: 784px) 463px, (min-width: 712px) 695px, (min-width: 640px) 712px, \" \/><\/a><\/div><\/div><div class=\"clearfix\"><\/div><div style=\"padding:5px;\" class=\"fusion-grid-column fusion-gallery-column fusion-gallery-column-3 hover-type-none\"><div class=\"fusion-gallery-image\"><a href=\"https:\/\/www.skulpturenpark-hellbrunn.at\/wp-content\/uploads\/2018\/08\/fullsizeoutput_20db.jpegklein.jpg\" rel=\"noreferrer\" data-rel=\"iLightbox[gallery_image_2]\" class=\"fusion-lightbox\" target=\"_self\"><img src=\"https:\/\/www.skulpturenpark-hellbrunn.at\/wp-content\/uploads\/2018\/08\/fullsizeoutput_20db.jpegklein.jpg\" width=\"1098\" height=\"732\" alt=\"\" title=\"fullsizeoutput_20db.jpegklein\" aria-label=\"fullsizeoutput_20db.jpegklein\" class=\"img-responsive wp-image-809\" srcset=\"https:\/\/www.skulpturenpark-hellbrunn.at\/wp-content\/uploads\/2018\/08\/fullsizeoutput_20db.jpegklein-200x133.jpg 200w, https:\/\/www.skulpturenpark-hellbrunn.at\/wp-content\/uploads\/2018\/08\/fullsizeoutput_20db.jpegklein-400x267.jpg 400w, https:\/\/www.skulpturenpark-hellbrunn.at\/wp-content\/uploads\/2018\/08\/fullsizeoutput_20db.jpegklein-600x400.jpg 600w, https:\/\/www.skulpturenpark-hellbrunn.at\/wp-content\/uploads\/2018\/08\/fullsizeoutput_20db.jpegklein-800x533.jpg 800w, https:\/\/www.skulpturenpark-hellbrunn.at\/wp-content\/uploads\/2018\/08\/fullsizeoutput_20db.jpegklein.jpg 1098w\" sizes=\"(min-width: 2200px) 100vw, (min-width: 784px) 463px, (min-width: 712px) 695px, (min-width: 640px) 712px, \" \/><\/a><\/div><\/div><div style=\"padding:5px;\" class=\"fusion-grid-column fusion-gallery-column fusion-gallery-column-3 hover-type-none\"><div class=\"fusion-gallery-image\"><a href=\"https:\/\/www.skulpturenpark-hellbrunn.at\/wp-content\/uploads\/2018\/08\/fullsizeoutput_20b7.jpegklein.jpg\" rel=\"noreferrer\" data-rel=\"iLightbox[gallery_image_2]\" class=\"fusion-lightbox\" target=\"_self\"><img src=\"https:\/\/www.skulpturenpark-hellbrunn.at\/wp-content\/uploads\/2018\/08\/fullsizeoutput_20b7.jpegklein.jpg\" width=\"1098\" height=\"732\" alt=\"\" title=\"fullsizeoutput_20b7.jpegklein\" aria-label=\"fullsizeoutput_20b7.jpegklein\" class=\"img-responsive wp-image-795\" srcset=\"https:\/\/www.skulpturenpark-hellbrunn.at\/wp-content\/uploads\/2018\/08\/fullsizeoutput_20b7.jpegklein-200x133.jpg 200w, https:\/\/www.skulpturenpark-hellbrunn.at\/wp-content\/uploads\/2018\/08\/fullsizeoutput_20b7.jpegklein-400x267.jpg 400w, https:\/\/www.skulpturenpark-hellbrunn.at\/wp-content\/uploads\/2018\/08\/fullsizeoutput_20b7.jpegklein-600x400.jpg 600w, https:\/\/www.skulpturenpark-hellbrunn.at\/wp-content\/uploads\/2018\/08\/fullsizeoutput_20b7.jpegklein-800x533.jpg 800w, https:\/\/www.skulpturenpark-hellbrunn.at\/wp-content\/uploads\/2018\/08\/fullsizeoutput_20b7.jpegklein.jpg 1098w\" sizes=\"(min-width: 2200px) 100vw, (min-width: 784px) 463px, (min-width: 712px) 695px, (min-width: 640px) 712px, \" \/><\/a><\/div><\/div><div style=\"padding:5px;\" class=\"fusion-grid-column fusion-gallery-column fusion-gallery-column-3 hover-type-none\"><div class=\"fusion-gallery-image\"><a href=\"https:\/\/www.skulpturenpark-hellbrunn.at\/wp-content\/uploads\/2018\/08\/fullsizeoutput_20d9.jpegklein.jpg\" rel=\"noreferrer\" data-rel=\"iLightbox[gallery_image_2]\" class=\"fusion-lightbox\" target=\"_self\"><img src=\"https:\/\/www.skulpturenpark-hellbrunn.at\/wp-content\/uploads\/2018\/08\/fullsizeoutput_20d9.jpegklein.jpg\" width=\"1098\" height=\"732\" alt=\"\" title=\"fullsizeoutput_20d9.jpegklein\" aria-label=\"fullsizeoutput_20d9.jpegklein\" class=\"img-responsive wp-image-807\" srcset=\"https:\/\/www.skulpturenpark-hellbrunn.at\/wp-content\/uploads\/2018\/08\/fullsizeoutput_20d9.jpegklein-200x133.jpg 200w, https:\/\/www.skulpturenpark-hellbrunn.at\/wp-content\/uploads\/2018\/08\/fullsizeoutput_20d9.jpegklein-400x267.jpg 400w, https:\/\/www.skulpturenpark-hellbrunn.at\/wp-content\/uploads\/2018\/08\/fullsizeoutput_20d9.jpegklein-600x400.jpg 600w, https:\/\/www.skulpturenpark-hellbrunn.at\/wp-content\/uploads\/2018\/08\/fullsizeoutput_20d9.jpegklein-800x533.jpg 800w, https:\/\/www.skulpturenpark-hellbrunn.at\/wp-content\/uploads\/2018\/08\/fullsizeoutput_20d9.jpegklein.jpg 1098w\" sizes=\"(min-width: 2200px) 100vw, (min-width: 784px) 463px, (min-width: 712px) 695px, (min-width: 640px) 712px, \" \/><\/a><\/div><\/div><div class=\"clearfix\"><\/div><div style=\"padding:5px;\" class=\"fusion-grid-column fusion-gallery-column fusion-gallery-column-3 hover-type-none\"><div class=\"fusion-gallery-image\"><a href=\"https:\/\/www.skulpturenpark-hellbrunn.at\/wp-content\/uploads\/2018\/08\/fullsizeoutput_20b3.jpegklein.jpg\" rel=\"noreferrer\" data-rel=\"iLightbox[gallery_image_2]\" class=\"fusion-lightbox\" target=\"_self\"><img src=\"https:\/\/www.skulpturenpark-hellbrunn.at\/wp-content\/uploads\/2018\/08\/fullsizeoutput_20b3.jpegklein.jpg\" width=\"1098\" height=\"732\" alt=\"\" title=\"fullsizeoutput_20b3.jpegklein\" aria-label=\"fullsizeoutput_20b3.jpegklein\" class=\"img-responsive wp-image-793\" srcset=\"https:\/\/www.skulpturenpark-hellbrunn.at\/wp-content\/uploads\/2018\/08\/fullsizeoutput_20b3.jpegklein-200x133.jpg 200w, https:\/\/www.skulpturenpark-hellbrunn.at\/wp-content\/uploads\/2018\/08\/fullsizeoutput_20b3.jpegklein-400x267.jpg 400w, https:\/\/www.skulpturenpark-hellbrunn.at\/wp-content\/uploads\/2018\/08\/fullsizeoutput_20b3.jpegklein-600x400.jpg 600w, https:\/\/www.skulpturenpark-hellbrunn.at\/wp-content\/uploads\/2018\/08\/fullsizeoutput_20b3.jpegklein-800x533.jpg 800w, https:\/\/www.skulpturenpark-hellbrunn.at\/wp-content\/uploads\/2018\/08\/fullsizeoutput_20b3.jpegklein.jpg 1098w\" sizes=\"(min-width: 2200px) 100vw, (min-width: 784px) 463px, (min-width: 712px) 695px, (min-width: 640px) 712px, \" \/><\/a><\/div><\/div><div style=\"padding:5px;\" class=\"fusion-grid-column fusion-gallery-column fusion-gallery-column-3 hover-type-none\"><div class=\"fusion-gallery-image\"><a href=\"https:\/\/www.skulpturenpark-hellbrunn.at\/wp-content\/uploads\/2018\/06\/06-Stele-IV-Corten-s\u00fcdafrik.-Granit-1825-x-55-x-175-cm-2017-200-kg.jpg\" rel=\"noreferrer\" data-rel=\"iLightbox[gallery_image_2]\" class=\"fusion-lightbox\" target=\"_self\"><img src=\"https:\/\/www.skulpturenpark-hellbrunn.at\/wp-content\/uploads\/2018\/06\/06-Stele-IV-Corten-s\u00fcdafrik.-Granit-1825-x-55-x-175-cm-2017-200-kg.jpg\" width=\"680\" height=\"1020\" alt=\"\" title=\"06, Stele IV, Corten, s\u00fcdafrik. Granit, 182,5 x 55 x 17,5 cm, 2\" aria-label=\"06, Stele IV, Corten, s\u00fcdafrik. Granit, 182,5 x 55 x 17,5 cm, 2\" class=\"img-responsive wp-image-474\" srcset=\"https:\/\/www.skulpturenpark-hellbrunn.at\/wp-content\/uploads\/2018\/06\/06-Stele-IV-Corten-s\u00fcdafrik.-Granit-1825-x-55-x-175-cm-2017-200-kg-200x300.jpg 200w, https:\/\/www.skulpturenpark-hellbrunn.at\/wp-content\/uploads\/2018\/06\/06-Stele-IV-Corten-s\u00fcdafrik.-Granit-1825-x-55-x-175-cm-2017-200-kg-400x600.jpg 400w, https:\/\/www.skulpturenpark-hellbrunn.at\/wp-content\/uploads\/2018\/06\/06-Stele-IV-Corten-s\u00fcdafrik.-Granit-1825-x-55-x-175-cm-2017-200-kg-600x900.jpg 600w, https:\/\/www.skulpturenpark-hellbrunn.at\/wp-content\/uploads\/2018\/06\/06-Stele-IV-Corten-s\u00fcdafrik.-Granit-1825-x-55-x-175-cm-2017-200-kg.jpg 680w\" sizes=\"(min-width: 2200px) 100vw, (min-width: 784px) 463px, (min-width: 712px) 695px, (min-width: 640px) 712px, \" \/><\/a><\/div><\/div><div style=\"padding:5px;\" class=\"fusion-grid-column fusion-gallery-column fusion-gallery-column-3 hover-type-none\"><div class=\"fusion-gallery-image\"><a href=\"https:\/\/www.skulpturenpark-hellbrunn.at\/wp-content\/uploads\/2018\/06\/08-Stele-II-Corten-s\u00fcdafrik.-Granit-182-x-51-x-175-cm-2017-200-kg.jpg\" rel=\"noreferrer\" data-rel=\"iLightbox[gallery_image_2]\" class=\"fusion-lightbox\" target=\"_self\"><img src=\"https:\/\/www.skulpturenpark-hellbrunn.at\/wp-content\/uploads\/2018\/06\/08-Stele-II-Corten-s\u00fcdafrik.-Granit-182-x-51-x-175-cm-2017-200-kg.jpg\" width=\"680\" height=\"1020\" alt=\"\" title=\"08, Stele II, Corten, s\u00fcdafrik. Granit, 182 x 51 x 17,5 cm, 201\" aria-label=\"08, Stele II, Corten, s\u00fcdafrik. Granit, 182 x 51 x 17,5 cm, 201\" class=\"img-responsive wp-image-476\" srcset=\"https:\/\/www.skulpturenpark-hellbrunn.at\/wp-content\/uploads\/2018\/06\/08-Stele-II-Corten-s\u00fcdafrik.-Granit-182-x-51-x-175-cm-2017-200-kg-200x300.jpg 200w, https:\/\/www.skulpturenpark-hellbrunn.at\/wp-content\/uploads\/2018\/06\/08-Stele-II-Corten-s\u00fcdafrik.-Granit-182-x-51-x-175-cm-2017-200-kg-400x600.jpg 400w, https:\/\/www.skulpturenpark-hellbrunn.at\/wp-content\/uploads\/2018\/06\/08-Stele-II-Corten-s\u00fcdafrik.-Granit-182-x-51-x-175-cm-2017-200-kg-600x900.jpg 600w, https:\/\/www.skulpturenpark-hellbrunn.at\/wp-content\/uploads\/2018\/06\/08-Stele-II-Corten-s\u00fcdafrik.-Granit-182-x-51-x-175-cm-2017-200-kg.jpg 680w\" sizes=\"(min-width: 2200px) 100vw, (min-width: 784px) 463px, (min-width: 712px) 695px, (min-width: 640px) 712px, \" \/><\/a><\/div><\/div><div class=\"clearfix\"><\/div><\/div><style type=\"text\/css\"><\/style><div class=\"fusion-title title fusion-title-8 fusion-sep-none fusion-title-text fusion-title-size-one\" style=\"margin-top:0px;margin-right:0px;margin-bottom:31px;margin-left:0px;\"><h1 class=\"title-heading-left fusion-responsive-typography-calculated\" style=\"margin:0;--fontSize:20;--minFontSize:20px;line-height:1.2;\"><\/h1><\/div><style type=\"text\/css\"><\/style><div class=\"fusion-title title fusion-title-9 fusion-sep-none fusion-title-text fusion-title-size-one\" style=\"margin-top:0px;margin-right:0px;margin-bottom:31px;margin-left:0px;\"><h1 class=\"title-heading-left fusion-responsive-typography-calculated\" style=\"margin:0;--fontSize:20;--minFontSize:20px;line-height:1.2;\"><h1><span style=\"color: #000000;\">Photo gallery SkulpturenPark<\/span><\/h1>\n<p>Credit: Stefan Zauner<\/h1><\/div><style type=\"text\/css\">.fusion-gallery-3 .fusion-gallery-image {border:0px solid #f6f6f6;}<\/style><div class=\"fusion-gallery fusion-gallery-container fusion-grid-3 fusion-columns-total-10 fusion-gallery-layout-grid fusion-gallery-3\" style=\"margin:-5px;\"><div style=\"padding:5px;\" class=\"fusion-grid-column fusion-gallery-column fusion-gallery-column-3 hover-type-none\"><div class=\"fusion-gallery-image\"><a href=\"https:\/\/www.skulpturenpark-hellbrunn.at\/wp-content\/uploads\/2018\/07\/SZF6700.jpg\" rel=\"noreferrer\" data-rel=\"iLightbox[gallery_image_3]\" class=\"fusion-lightbox\" target=\"_self\"><img src=\"https:\/\/www.skulpturenpark-hellbrunn.at\/wp-content\/uploads\/2018\/07\/SZF6700.jpg\" width=\"731\" height=\"1096\" alt=\"\" title=\"Skulpturenpark Hellbrunn CAM\" aria-label=\"Skulpturenpark Hellbrunn CAM\" class=\"img-responsive wp-image-606\" srcset=\"https:\/\/www.skulpturenpark-hellbrunn.at\/wp-content\/uploads\/2018\/07\/SZF6700-200x300.jpg 200w, https:\/\/www.skulpturenpark-hellbrunn.at\/wp-content\/uploads\/2018\/07\/SZF6700-400x600.jpg 400w, https:\/\/www.skulpturenpark-hellbrunn.at\/wp-content\/uploads\/2018\/07\/SZF6700-600x900.jpg 600w, https:\/\/www.skulpturenpark-hellbrunn.at\/wp-content\/uploads\/2018\/07\/SZF6700.jpg 731w\" sizes=\"(min-width: 2200px) 100vw, (min-width: 784px) 463px, (min-width: 712px) 695px, (min-width: 640px) 712px, \" \/><\/a><\/div><\/div><div style=\"padding:5px;\" class=\"fusion-grid-column fusion-gallery-column fusion-gallery-column-3 hover-type-none\"><div class=\"fusion-gallery-image\"><a href=\"https:\/\/www.skulpturenpark-hellbrunn.at\/wp-content\/uploads\/2018\/07\/SZF6687.jpg\" rel=\"noreferrer\" data-rel=\"iLightbox[gallery_image_3]\" class=\"fusion-lightbox\" target=\"_self\"><img src=\"https:\/\/www.skulpturenpark-hellbrunn.at\/wp-content\/uploads\/2018\/07\/SZF6687.jpg\" width=\"731\" height=\"1096\" alt=\"\" title=\"Skulpturenpark Hellbrunn CAM\" aria-label=\"Skulpturenpark Hellbrunn CAM\" class=\"img-responsive wp-image-605\" srcset=\"https:\/\/www.skulpturenpark-hellbrunn.at\/wp-content\/uploads\/2018\/07\/SZF6687-200x300.jpg 200w, https:\/\/www.skulpturenpark-hellbrunn.at\/wp-content\/uploads\/2018\/07\/SZF6687-400x600.jpg 400w, https:\/\/www.skulpturenpark-hellbrunn.at\/wp-content\/uploads\/2018\/07\/SZF6687-600x900.jpg 600w, https:\/\/www.skulpturenpark-hellbrunn.at\/wp-content\/uploads\/2018\/07\/SZF6687.jpg 731w\" sizes=\"(min-width: 2200px) 100vw, (min-width: 784px) 463px, (min-width: 712px) 695px, (min-width: 640px) 712px, \" \/><\/a><\/div><\/div><div style=\"padding:5px;\" class=\"fusion-grid-column fusion-gallery-column fusion-gallery-column-3 hover-type-none\"><div class=\"fusion-gallery-image\"><a href=\"https:\/\/www.skulpturenpark-hellbrunn.at\/wp-content\/uploads\/2018\/07\/SZF6861.jpg\" rel=\"noreferrer\" data-rel=\"iLightbox[gallery_image_3]\" class=\"fusion-lightbox\" target=\"_self\"><img src=\"https:\/\/www.skulpturenpark-hellbrunn.at\/wp-content\/uploads\/2018\/07\/SZF6861.jpg\" width=\"1096\" height=\"616\" alt=\"\" title=\"Skulpturenpark Hellbrunn CAM\" aria-label=\"Skulpturenpark Hellbrunn CAM\" class=\"img-responsive wp-image-612\" srcset=\"https:\/\/www.skulpturenpark-hellbrunn.at\/wp-content\/uploads\/2018\/07\/SZF6861-200x112.jpg 200w, https:\/\/www.skulpturenpark-hellbrunn.at\/wp-content\/uploads\/2018\/07\/SZF6861-400x225.jpg 400w, https:\/\/www.skulpturenpark-hellbrunn.at\/wp-content\/uploads\/2018\/07\/SZF6861-600x337.jpg 600w, https:\/\/www.skulpturenpark-hellbrunn.at\/wp-content\/uploads\/2018\/07\/SZF6861-800x450.jpg 800w, https:\/\/www.skulpturenpark-hellbrunn.at\/wp-content\/uploads\/2018\/07\/SZF6861.jpg 1096w\" sizes=\"(min-width: 2200px) 100vw, (min-width: 784px) 463px, (min-width: 712px) 695px, (min-width: 640px) 712px, \" \/><\/a><\/div><\/div><div class=\"clearfix\"><\/div><div style=\"padding:5px;\" class=\"fusion-grid-column fusion-gallery-column fusion-gallery-column-3 hover-type-none\"><div class=\"fusion-gallery-image\"><a href=\"https:\/\/www.skulpturenpark-hellbrunn.at\/wp-content\/uploads\/2018\/07\/SZF6674.jpg\" rel=\"noreferrer\" data-rel=\"iLightbox[gallery_image_3]\" class=\"fusion-lightbox\" target=\"_self\"><img src=\"https:\/\/www.skulpturenpark-hellbrunn.at\/wp-content\/uploads\/2018\/07\/SZF6674.jpg\" width=\"822\" height=\"1096\" alt=\"\" title=\"Skulpturenpark Hellbrunn CAM\" aria-label=\"Skulpturenpark Hellbrunn CAM\" class=\"img-responsive wp-image-604\" srcset=\"https:\/\/www.skulpturenpark-hellbrunn.at\/wp-content\/uploads\/2018\/07\/SZF6674-200x267.jpg 200w, https:\/\/www.skulpturenpark-hellbrunn.at\/wp-content\/uploads\/2018\/07\/SZF6674-400x533.jpg 400w, https:\/\/www.skulpturenpark-hellbrunn.at\/wp-content\/uploads\/2018\/07\/SZF6674-600x800.jpg 600w, https:\/\/www.skulpturenpark-hellbrunn.at\/wp-content\/uploads\/2018\/07\/SZF6674-800x1067.jpg 800w, https:\/\/www.skulpturenpark-hellbrunn.at\/wp-content\/uploads\/2018\/07\/SZF6674.jpg 822w\" sizes=\"(min-width: 2200px) 100vw, (min-width: 784px) 463px, (min-width: 712px) 695px, (min-width: 640px) 712px, \" \/><\/a><\/div><\/div><div style=\"padding:5px;\" class=\"fusion-grid-column fusion-gallery-column fusion-gallery-column-3 hover-type-none\"><div class=\"fusion-gallery-image\"><a href=\"https:\/\/www.skulpturenpark-hellbrunn.at\/wp-content\/uploads\/2018\/07\/SZF6665.jpg\" rel=\"noreferrer\" data-rel=\"iLightbox[gallery_image_3]\" class=\"fusion-lightbox\" target=\"_self\"><img src=\"https:\/\/www.skulpturenpark-hellbrunn.at\/wp-content\/uploads\/2018\/07\/SZF6665.jpg\" width=\"731\" height=\"1096\" alt=\"\" title=\"Skulpturenpark Hellbrunn CAM\" aria-label=\"Skulpturenpark Hellbrunn CAM\" class=\"img-responsive wp-image-603\" srcset=\"https:\/\/www.skulpturenpark-hellbrunn.at\/wp-content\/uploads\/2018\/07\/SZF6665-200x300.jpg 200w, https:\/\/www.skulpturenpark-hellbrunn.at\/wp-content\/uploads\/2018\/07\/SZF6665-400x600.jpg 400w, https:\/\/www.skulpturenpark-hellbrunn.at\/wp-content\/uploads\/2018\/07\/SZF6665-600x900.jpg 600w, https:\/\/www.skulpturenpark-hellbrunn.at\/wp-content\/uploads\/2018\/07\/SZF6665.jpg 731w\" sizes=\"(min-width: 2200px) 100vw, (min-width: 784px) 463px, (min-width: 712px) 695px, (min-width: 640px) 712px, \" \/><\/a><\/div><\/div><div style=\"padding:5px;\" class=\"fusion-grid-column fusion-gallery-column fusion-gallery-column-3 hover-type-none\"><div class=\"fusion-gallery-image\"><a href=\"https:\/\/www.skulpturenpark-hellbrunn.at\/wp-content\/uploads\/2018\/07\/SZF6706.jpg\" rel=\"noreferrer\" data-rel=\"iLightbox[gallery_image_3]\" class=\"fusion-lightbox\" target=\"_self\"><img src=\"https:\/\/www.skulpturenpark-hellbrunn.at\/wp-content\/uploads\/2018\/07\/SZF6706.jpg\" width=\"1152\" height=\"768\" alt=\"\" title=\"Skulpturenpark Hellbrunn CAM\" aria-label=\"Skulpturenpark Hellbrunn CAM\" class=\"img-responsive wp-image-607\" srcset=\"https:\/\/www.skulpturenpark-hellbrunn.at\/wp-content\/uploads\/2018\/07\/SZF6706-200x133.jpg 200w, https:\/\/www.skulpturenpark-hellbrunn.at\/wp-content\/uploads\/2018\/07\/SZF6706-400x267.jpg 400w, https:\/\/www.skulpturenpark-hellbrunn.at\/wp-content\/uploads\/2018\/07\/SZF6706-600x400.jpg 600w, https:\/\/www.skulpturenpark-hellbrunn.at\/wp-content\/uploads\/2018\/07\/SZF6706-800x533.jpg 800w, https:\/\/www.skulpturenpark-hellbrunn.at\/wp-content\/uploads\/2018\/07\/SZF6706.jpg 1152w\" sizes=\"(min-width: 2200px) 100vw, (min-width: 784px) 463px, (min-width: 712px) 695px, (min-width: 640px) 712px, \" \/><\/a><\/div><\/div><div class=\"clearfix\"><\/div><div style=\"padding:5px;\" class=\"fusion-grid-column fusion-gallery-column fusion-gallery-column-3 hover-type-none\"><div class=\"fusion-gallery-image\"><a href=\"https:\/\/www.skulpturenpark-hellbrunn.at\/wp-content\/uploads\/2018\/07\/SZF6720.jpg\" rel=\"noreferrer\" data-rel=\"iLightbox[gallery_image_3]\" class=\"fusion-lightbox\" target=\"_self\"><img src=\"https:\/\/www.skulpturenpark-hellbrunn.at\/wp-content\/uploads\/2018\/07\/SZF6720.jpg\" width=\"1096\" height=\"731\" alt=\"\" title=\"Skulpturenpark Hellbrunn CAM\" aria-label=\"Skulpturenpark Hellbrunn CAM\" class=\"img-responsive wp-image-608\" srcset=\"https:\/\/www.skulpturenpark-hellbrunn.at\/wp-content\/uploads\/2018\/07\/SZF6720-200x133.jpg 200w, https:\/\/www.skulpturenpark-hellbrunn.at\/wp-content\/uploads\/2018\/07\/SZF6720-400x267.jpg 400w, https:\/\/www.skulpturenpark-hellbrunn.at\/wp-content\/uploads\/2018\/07\/SZF6720-600x400.jpg 600w, https:\/\/www.skulpturenpark-hellbrunn.at\/wp-content\/uploads\/2018\/07\/SZF6720-800x534.jpg 800w, https:\/\/www.skulpturenpark-hellbrunn.at\/wp-content\/uploads\/2018\/07\/SZF6720.jpg 1096w\" sizes=\"(min-width: 2200px) 100vw, (min-width: 784px) 463px, (min-width: 712px) 695px, (min-width: 640px) 712px, \" \/><\/a><\/div><\/div><div style=\"padding:5px;\" class=\"fusion-grid-column fusion-gallery-column fusion-gallery-column-3 hover-type-none\"><div class=\"fusion-gallery-image\"><a href=\"https:\/\/www.skulpturenpark-hellbrunn.at\/wp-content\/uploads\/2018\/07\/SZF6738.jpg\" rel=\"noreferrer\" data-rel=\"iLightbox[gallery_image_3]\" class=\"fusion-lightbox\" target=\"_self\"><img src=\"https:\/\/www.skulpturenpark-hellbrunn.at\/wp-content\/uploads\/2018\/07\/SZF6738.jpg\" width=\"1096\" height=\"731\" alt=\"\" title=\"Skulpturenpark Hellbrunn CAM\" aria-label=\"Skulpturenpark Hellbrunn CAM\" class=\"img-responsive wp-image-609\" srcset=\"https:\/\/www.skulpturenpark-hellbrunn.at\/wp-content\/uploads\/2018\/07\/SZF6738-200x133.jpg 200w, https:\/\/www.skulpturenpark-hellbrunn.at\/wp-content\/uploads\/2018\/07\/SZF6738-400x267.jpg 400w, https:\/\/www.skulpturenpark-hellbrunn.at\/wp-content\/uploads\/2018\/07\/SZF6738-600x400.jpg 600w, https:\/\/www.skulpturenpark-hellbrunn.at\/wp-content\/uploads\/2018\/07\/SZF6738-800x534.jpg 800w, https:\/\/www.skulpturenpark-hellbrunn.at\/wp-content\/uploads\/2018\/07\/SZF6738.jpg 1096w\" sizes=\"(min-width: 2200px) 100vw, (min-width: 784px) 463px, (min-width: 712px) 695px, (min-width: 640px) 712px, \" \/><\/a><\/div><\/div><div style=\"padding:5px;\" class=\"fusion-grid-column fusion-gallery-column fusion-gallery-column-3 hover-type-none\"><div class=\"fusion-gallery-image\"><a href=\"https:\/\/www.skulpturenpark-hellbrunn.at\/wp-content\/uploads\/2018\/07\/SZF6764.jpg\" rel=\"noreferrer\" data-rel=\"iLightbox[gallery_image_3]\" class=\"fusion-lightbox\" target=\"_self\"><img src=\"https:\/\/www.skulpturenpark-hellbrunn.at\/wp-content\/uploads\/2018\/07\/SZF6764.jpg\" width=\"1096\" height=\"731\" alt=\"\" title=\"Skulpturenpark Hellbrunn CAM\" aria-label=\"Skulpturenpark Hellbrunn CAM\" class=\"img-responsive wp-image-610\" srcset=\"https:\/\/www.skulpturenpark-hellbrunn.at\/wp-content\/uploads\/2018\/07\/SZF6764-200x133.jpg 200w, https:\/\/www.skulpturenpark-hellbrunn.at\/wp-content\/uploads\/2018\/07\/SZF6764-400x267.jpg 400w, https:\/\/www.skulpturenpark-hellbrunn.at\/wp-content\/uploads\/2018\/07\/SZF6764-600x400.jpg 600w, https:\/\/www.skulpturenpark-hellbrunn.at\/wp-content\/uploads\/2018\/07\/SZF6764-800x534.jpg 800w, https:\/\/www.skulpturenpark-hellbrunn.at\/wp-content\/uploads\/2018\/07\/SZF6764.jpg 1096w\" sizes=\"(min-width: 2200px) 100vw, (min-width: 784px) 463px, (min-width: 712px) 695px, (min-width: 640px) 712px, \" \/><\/a><\/div><\/div><div class=\"clearfix\"><\/div><div style=\"padding:5px;\" class=\"fusion-grid-column fusion-gallery-column fusion-gallery-column-3 hover-type-none\"><div class=\"fusion-gallery-image\"><a href=\"https:\/\/www.skulpturenpark-hellbrunn.at\/wp-content\/uploads\/2018\/07\/SZF6807.jpg\" rel=\"noreferrer\" data-rel=\"iLightbox[gallery_image_3]\" class=\"fusion-lightbox\" target=\"_self\"><img src=\"https:\/\/www.skulpturenpark-hellbrunn.at\/wp-content\/uploads\/2018\/07\/SZF6807.jpg\" width=\"1096\" height=\"731\" alt=\"\" title=\"Skulpturenpark Hellbrunn CAM\" aria-label=\"Skulpturenpark Hellbrunn CAM\" class=\"img-responsive wp-image-611\" srcset=\"https:\/\/www.skulpturenpark-hellbrunn.at\/wp-content\/uploads\/2018\/07\/SZF6807-200x133.jpg 200w, https:\/\/www.skulpturenpark-hellbrunn.at\/wp-content\/uploads\/2018\/07\/SZF6807-400x267.jpg 400w, https:\/\/www.skulpturenpark-hellbrunn.at\/wp-content\/uploads\/2018\/07\/SZF6807-600x400.jpg 600w, https:\/\/www.skulpturenpark-hellbrunn.at\/wp-content\/uploads\/2018\/07\/SZF6807-800x534.jpg 800w, https:\/\/www.skulpturenpark-hellbrunn.at\/wp-content\/uploads\/2018\/07\/SZF6807.jpg 1096w\" sizes=\"(min-width: 2200px) 100vw, (min-width: 784px) 463px, (min-width: 712px) 695px, (min-width: 640px) 712px, \" \/><\/a><\/div><\/div><\/div><div class=\"fusion-clearfix\"><\/div><\/div><\/div><div class=\"fusion-layout-column fusion_builder_column fusion-builder-column-12 fusion_builder_column_1_3 1_3 fusion-one-third fusion-column-last\" style=\"width:30.6666%;margin-top:0px;margin-bottom:0px;\"><div class=\"fusion-column-wrapper fusion-flex-column-wrapper-legacy\" style=\"background-position:left top;background-repeat:no-repeat;-webkit-background-size:cover;-moz-background-size:cover;-o-background-size:cover;background-size:cover;padding: 10px 10px 10px 10px;\"><div class=\"fusion-clearfix\"><\/div><\/div><\/div><\/div><\/div><div class=\"fusion-fullwidth fullwidth-box fusion-builder-row-4 nonhundred-percent-fullwidth non-hundred-percent-height-scrolling\" style=\"background-color: #aa3c00;background-position: left top;background-repeat: no-repeat;padding-top:20px;padding-right:0px;padding-bottom:20px;padding-left:0px;margin-bottom: 0px;margin-top: 0px;border-width: 0px 0px 0px 0px;border-color:#eae9e9;border-style:solid;\" ><div class=\"fusion-builder-row fusion-row\"><div class=\"fusion-layout-column fusion_builder_column fusion-builder-column-13 fusion_builder_column_1_1 1_1 fusion-one-full fusion-column-first fusion-column-last fusion-column-no-min-height\" style=\"margin-top:0px;margin-bottom:0px;\"><div class=\"fusion-column-wrapper fusion-flex-column-wrapper-legacy\" style=\"background-position:left top;background-repeat:no-repeat;-webkit-background-size:cover;-moz-background-size:cover;-o-background-size:cover;background-size:cover;padding: 0px 0px 0px 0px;\"><div class=\"fusion-menu-anchor\" id=\"partner\"><\/div><div class=\"fusion-clearfix\"><\/div><\/div><\/div><div class=\"fusion-layout-column fusion_builder_column fusion-builder-column-14 fusion_builder_column_1_1 1_1 fusion-one-full fusion-column-first fusion-column-last\" style=\"margin-top:0px;margin-bottom:0px;\"><div class=\"fusion-column-wrapper fusion-flex-column-wrapper-legacy\" style=\"background-position:left top;background-repeat:no-repeat;-webkit-background-size:cover;-moz-background-size:cover;-o-background-size:cover;background-size:cover;padding: 10px 10px 10px 10px;\"><style type=\"text\/css\"><\/style><div class=\"fusion-title title fusion-title-10 fusion-sep-none fusion-title-text fusion-title-size-one\" style=\"margin-top:0px;margin-right:0px;margin-bottom:31px;margin-left:0px;\"><h1 class=\"title-heading-left fusion-responsive-typography-calculated\" style=\"margin:0;--fontSize:20;--minFontSize:20px;line-height:1.2;\"><h1><span style=\"color: #ffffff;\">Partner<\/span><\/h1><\/h1><\/div><div class=\"fusion-image-carousel fusion-image-carousel-fixed\"><div class=\"fusion-carousel\" data-autoplay=\"no\" data-columns=\"6\" data-itemmargin=\"9\" data-itemwidth=\"180\" data-touchscroll=\"no\" data-imagesize=\"fixed\"><div class=\"fusion-carousel-positioner\"><ul class=\"fusion-carousel-holder\"><li class=\"fusion-carousel-item\"><div class=\"fusion-carousel-item-wrapper\"><div class=\"fusion-image-wrapper hover-type-zoomin\"><img width=\"320\" height=\"200\" src=\"https:\/\/www.skulpturenpark-hellbrunn.at\/wp-content\/uploads\/2018\/06\/stadt_salzburg-320x200.png\" class=\"attachment-blog-medium size-blog-medium\" alt=\"\" srcset=\"https:\/\/www.skulpturenpark-hellbrunn.at\/wp-content\/uploads\/2018\/06\/stadt_salzburg-200x125.png 200w, https:\/\/www.skulpturenpark-hellbrunn.at\/wp-content\/uploads\/2018\/06\/stadt_salzburg.png 320w\" sizes=\"(min-width: 2200px) 100vw, (min-width: 1000px) 226px, (min-width: 928px) 271px, (min-width: 856px) 339px, (min-width: 784px) 452px, (min-width: 712px) 678px, (min-width: 640px) 712px, \" \/><\/div><\/div><\/li><li class=\"fusion-carousel-item\"><div class=\"fusion-carousel-item-wrapper\"><div class=\"fusion-image-wrapper hover-type-zoomin\"><img width=\"320\" height=\"200\" src=\"https:\/\/www.skulpturenpark-hellbrunn.at\/wp-content\/uploads\/2018\/06\/kultur_stadt_salzburg-320x200.png\" class=\"attachment-blog-medium size-blog-medium\" alt=\"\" srcset=\"https:\/\/www.skulpturenpark-hellbrunn.at\/wp-content\/uploads\/2018\/06\/kultur_stadt_salzburg-200x125.png 200w, https:\/\/www.skulpturenpark-hellbrunn.at\/wp-content\/uploads\/2018\/06\/kultur_stadt_salzburg.png 320w\" sizes=\"(min-width: 2200px) 100vw, (min-width: 1000px) 226px, (min-width: 928px) 271px, (min-width: 856px) 339px, (min-width: 784px) 452px, (min-width: 712px) 678px, (min-width: 640px) 712px, \" \/><\/div><\/div><\/li><li class=\"fusion-carousel-item\"><div class=\"fusion-carousel-item-wrapper\"><div class=\"fusion-image-wrapper hover-type-zoomin\"><img width=\"320\" height=\"200\" src=\"https:\/\/www.skulpturenpark-hellbrunn.at\/wp-content\/uploads\/2018\/06\/hellbrunn-320x200.png\" class=\"attachment-blog-medium size-blog-medium\" alt=\"\" srcset=\"https:\/\/www.skulpturenpark-hellbrunn.at\/wp-content\/uploads\/2018\/06\/hellbrunn-200x125.png 200w, https:\/\/www.skulpturenpark-hellbrunn.at\/wp-content\/uploads\/2018\/06\/hellbrunn.png 320w\" sizes=\"(min-width: 2200px) 100vw, (min-width: 1000px) 226px, (min-width: 928px) 271px, (min-width: 856px) 339px, (min-width: 784px) 452px, (min-width: 712px) 678px, (min-width: 640px) 712px, \" \/><\/div><\/div><\/li><li class=\"fusion-carousel-item\"><div class=\"fusion-carousel-item-wrapper\"><div class=\"fusion-image-wrapper hover-type-zoomin\"><img width=\"320\" height=\"200\" src=\"https:\/\/www.skulpturenpark-hellbrunn.at\/wp-content\/uploads\/2018\/06\/bundeskanzleramt-320x200.png\" class=\"attachment-blog-medium size-blog-medium\" alt=\"\" srcset=\"https:\/\/www.skulpturenpark-hellbrunn.at\/wp-content\/uploads\/2018\/06\/bundeskanzleramt-200x125.png 200w, https:\/\/www.skulpturenpark-hellbrunn.at\/wp-content\/uploads\/2018\/06\/bundeskanzleramt.png 320w\" sizes=\"(min-width: 2200px) 100vw, (min-width: 1000px) 226px, (min-width: 928px) 271px, (min-width: 856px) 339px, (min-width: 784px) 452px, (min-width: 712px) 678px, (min-width: 640px) 712px, \" \/><\/div><\/div><\/li><li class=\"fusion-carousel-item\"><div class=\"fusion-carousel-item-wrapper\"><div class=\"fusion-image-wrapper hover-type-zoomin\"><img width=\"320\" height=\"200\" src=\"https:\/\/www.skulpturenpark-hellbrunn.at\/wp-content\/uploads\/2018\/06\/ap_media_visuelle_kommunikation-320x200.png\" class=\"attachment-blog-medium size-blog-medium\" alt=\"\" srcset=\"https:\/\/www.skulpturenpark-hellbrunn.at\/wp-content\/uploads\/2018\/06\/ap_media_visuelle_kommunikation-200x125.png 200w, https:\/\/www.skulpturenpark-hellbrunn.at\/wp-content\/uploads\/2018\/06\/ap_media_visuelle_kommunikation.png 320w\" sizes=\"(min-width: 2200px) 100vw, (min-width: 1000px) 226px, (min-width: 928px) 271px, (min-width: 856px) 339px, (min-width: 784px) 452px, (min-width: 712px) 678px, (min-width: 640px) 712px, \" \/><\/div><\/div><\/li><li class=\"fusion-carousel-item\"><div class=\"fusion-carousel-item-wrapper\"><div class=\"fusion-image-wrapper hover-type-zoomin\"><img width=\"320\" height=\"200\" src=\"https:\/\/www.skulpturenpark-hellbrunn.at\/wp-content\/uploads\/2018\/06\/arnold_fellinger-320x200.png\" class=\"attachment-blog-medium size-blog-medium\" alt=\"\" srcset=\"https:\/\/www.skulpturenpark-hellbrunn.at\/wp-content\/uploads\/2018\/06\/arnold_fellinger-200x125.png 200w, https:\/\/www.skulpturenpark-hellbrunn.at\/wp-content\/uploads\/2018\/06\/arnold_fellinger.png 320w\" sizes=\"(min-width: 2200px) 100vw, (min-width: 1000px) 226px, (min-width: 928px) 271px, (min-width: 856px) 339px, (min-width: 784px) 452px, (min-width: 712px) 678px, (min-width: 640px) 712px, \" \/><\/div><\/div><\/li><li class=\"fusion-carousel-item\"><div class=\"fusion-carousel-item-wrapper\"><div class=\"fusion-image-wrapper hover-type-zoomin\"><img width=\"320\" height=\"200\" src=\"https:\/\/www.skulpturenpark-hellbrunn.at\/wp-content\/uploads\/2018\/06\/offset5020-320x200.png\" class=\"attachment-blog-medium size-blog-medium\" alt=\"\" srcset=\"https:\/\/www.skulpturenpark-hellbrunn.at\/wp-content\/uploads\/2018\/06\/offset5020-200x125.png 200w, https:\/\/www.skulpturenpark-hellbrunn.at\/wp-content\/uploads\/2018\/06\/offset5020.png 320w\" sizes=\"(min-width: 2200px) 100vw, (min-width: 1000px) 226px, (min-width: 928px) 271px, (min-width: 856px) 339px, (min-width: 784px) 452px, (min-width: 712px) 678px, (min-width: 640px) 712px, \" \/><\/div><\/div><\/li><li class=\"fusion-carousel-item\"><div class=\"fusion-carousel-item-wrapper\"><div class=\"fusion-image-wrapper hover-type-zoomin\"><img width=\"320\" height=\"200\" src=\"https:\/\/www.skulpturenpark-hellbrunn.at\/wp-content\/uploads\/2018\/06\/haslauer_kunst_moebeltransporte-320x200.png\" class=\"attachment-blog-medium size-blog-medium\" alt=\"\" srcset=\"https:\/\/www.skulpturenpark-hellbrunn.at\/wp-content\/uploads\/2018\/06\/haslauer_kunst_moebeltransporte-200x125.png 200w, https:\/\/www.skulpturenpark-hellbrunn.at\/wp-content\/uploads\/2018\/06\/haslauer_kunst_moebeltransporte.png 320w\" sizes=\"(min-width: 2200px) 100vw, (min-width: 1000px) 226px, (min-width: 928px) 271px, (min-width: 856px) 339px, (min-width: 784px) 452px, (min-width: 712px) 678px, (min-width: 640px) 712px, \" \/><\/div><\/div><\/li><li class=\"fusion-carousel-item\"><div class=\"fusion-carousel-item-wrapper\"><div class=\"fusion-image-wrapper hover-type-zoomin\"><img width=\"320\" height=\"200\" src=\"https:\/\/www.skulpturenpark-hellbrunn.at\/wp-content\/uploads\/2018\/06\/doellerer-320x200.png\" class=\"attachment-blog-medium size-blog-medium\" alt=\"\" srcset=\"https:\/\/www.skulpturenpark-hellbrunn.at\/wp-content\/uploads\/2018\/06\/doellerer-200x125.png 200w, https:\/\/www.skulpturenpark-hellbrunn.at\/wp-content\/uploads\/2018\/06\/doellerer.png 320w\" sizes=\"(min-width: 2200px) 100vw, (min-width: 1000px) 226px, (min-width: 928px) 271px, (min-width: 856px) 339px, (min-width: 784px) 452px, (min-width: 712px) 678px, (min-width: 640px) 712px, \" \/><\/div><\/div><\/li><li class=\"fusion-carousel-item\"><div class=\"fusion-carousel-item-wrapper\"><div class=\"fusion-image-wrapper hover-type-zoomin\"><img width=\"320\" height=\"200\" src=\"https:\/\/www.skulpturenpark-hellbrunn.at\/wp-content\/uploads\/2018\/06\/furchtis-320x200.png\" class=\"attachment-blog-medium size-blog-medium\" alt=\"\" srcset=\"https:\/\/www.skulpturenpark-hellbrunn.at\/wp-content\/uploads\/2018\/06\/furchtis-200x125.png 200w, https:\/\/www.skulpturenpark-hellbrunn.at\/wp-content\/uploads\/2018\/06\/furchtis.png 320w\" sizes=\"(min-width: 2200px) 100vw, (min-width: 1000px) 226px, (min-width: 928px) 271px, (min-width: 856px) 339px, (min-width: 784px) 452px, (min-width: 712px) 678px, (min-width: 640px) 712px, \" \/><\/div><\/div><\/li><\/ul><div class=\"fusion-carousel-nav\"><span class=\"fusion-nav-prev\"><\/span><span class=\"fusion-nav-next\"><\/span><\/div><\/div><\/div><\/div><div class=\"fusion-clearfix\"><\/div><\/div><\/div><\/div><\/div><\/p>\n","protected":false},"excerpt":{"rendered":"","protected":false},"author":1,"featured_media":0,"parent":0,"menu_order":0,"comment_status":"open","ping_status":"closed","template":"","meta":[],"yoast_head":"<!-- This site is optimized with the Yoast SEO plugin v16.8 - https:\/\/yoast.com\/wordpress\/plugins\/seo\/ -->\n<title>SkulpturenPark Hellbrunn - Enrique Asensi - Skulpturenpark Hellbrunn<\/title>\n<meta name=\"description\" content=\"SkulpturenPark Hellbrunn - Enrique Asensi\" \/>\n<meta name=\"robots\" content=\"index, follow, max-snippet:-1, max-image-preview:large, max-video-preview:-1\" \/>\n<link rel=\"canonical\" href=\"https:\/\/www.skulpturenpark-hellbrunn.at\/archiv\/\" \/>\n<meta property=\"og:locale\" content=\"en_US\" \/>\n<meta property=\"og:type\" content=\"article\" \/>\n<meta property=\"og:title\" content=\"SkulpturenPark Hellbrunn - Enrique Asensi - Skulpturenpark Hellbrunn\" \/>\n<meta property=\"og:description\" content=\"SkulpturenPark Hellbrunn - Enrique Asensi\" \/>\n<meta property=\"og:url\" content=\"https:\/\/www.skulpturenpark-hellbrunn.at\/archiv\/\" \/>\n<meta property=\"og:site_name\" content=\"Skulpturenpark Hellbrunn\" \/>\n<meta property=\"article:modified_time\" content=\"2021-06-09T09:18:39+00:00\" \/>\n<meta property=\"og:image\" content=\"http:\/\/www.skulpturenpark-hellbrunn.at\/wp-content\/uploads\/2018\/06\/Plan-Hellbrunn-Standorte_eng_1200px.jpg\" \/>\n<meta name=\"twitter:card\" content=\"summary\" \/>\n<meta name=\"twitter:label1\" content=\"Est. reading time\" \/>\n\t<meta name=\"twitter:data1\" content=\"10 minutes\" \/>\n<script type=\"application\/ld+json\" class=\"yoast-schema-graph\">{\"@context\":\"https:\/\/schema.org\",\"@graph\":[{\"@type\":\"WebSite\",\"@id\":\"https:\/\/www.skulpturenpark-hellbrunn.at\/#website\",\"url\":\"https:\/\/www.skulpturenpark-hellbrunn.at\/\",\"name\":\"Skulpturenpark Hellbrunn\",\"description\":\"Skulpturenpark Hellbrunn\",\"potentialAction\":[{\"@type\":\"SearchAction\",\"target\":{\"@type\":\"EntryPoint\",\"urlTemplate\":\"https:\/\/www.skulpturenpark-hellbrunn.at\/?s={search_term_string}\"},\"query-input\":\"required name=search_term_string\"}],\"inLanguage\":\"en-US\"},{\"@type\":\"ImageObject\",\"@id\":\"https:\/\/www.skulpturenpark-hellbrunn.at\/archiv\/#primaryimage\",\"inLanguage\":\"en-US\",\"url\":\"http:\/\/www.skulpturenpark-hellbrunn.at\/wp-content\/uploads\/2018\/06\/Plan-Hellbrunn-Standorte_eng_1200px.jpg\",\"contentUrl\":\"http:\/\/www.skulpturenpark-hellbrunn.at\/wp-content\/uploads\/2018\/06\/Plan-Hellbrunn-Standorte_eng_1200px.jpg\"},{\"@type\":\"WebPage\",\"@id\":\"https:\/\/www.skulpturenpark-hellbrunn.at\/archiv\/#webpage\",\"url\":\"https:\/\/www.skulpturenpark-hellbrunn.at\/archiv\/\",\"name\":\"SkulpturenPark Hellbrunn - Enrique Asensi - Skulpturenpark Hellbrunn\",\"isPartOf\":{\"@id\":\"https:\/\/www.skulpturenpark-hellbrunn.at\/#website\"},\"primaryImageOfPage\":{\"@id\":\"https:\/\/www.skulpturenpark-hellbrunn.at\/archiv\/#primaryimage\"},\"datePublished\":\"2015-06-30T21:12:33+00:00\",\"dateModified\":\"2021-06-09T09:18:39+00:00\",\"description\":\"SkulpturenPark Hellbrunn - Enrique Asensi\",\"breadcrumb\":{\"@id\":\"https:\/\/www.skulpturenpark-hellbrunn.at\/archiv\/#breadcrumb\"},\"inLanguage\":\"en-US\",\"potentialAction\":[{\"@type\":\"ReadAction\",\"target\":[\"https:\/\/www.skulpturenpark-hellbrunn.at\/archiv\/\"]}]},{\"@type\":\"BreadcrumbList\",\"@id\":\"https:\/\/www.skulpturenpark-hellbrunn.at\/archiv\/#breadcrumb\",\"itemListElement\":[{\"@type\":\"ListItem\",\"position\":1,\"name\":\"Home\",\"item\":\"https:\/\/www.skulpturenpark-hellbrunn.at\/en\/\"},{\"@type\":\"ListItem\",\"position\":2,\"name\":\"SkulpturenPark Hellbrunn &#8211; Enrique Asensi\"}]}]}<\/script>\n<!-- \/ Yoast SEO plugin. -->","yoast_head_json":{"title":"SkulpturenPark Hellbrunn - Enrique Asensi - Skulpturenpark Hellbrunn","description":"SkulpturenPark Hellbrunn - Enrique Asensi","robots":{"index":"index","follow":"follow","max-snippet":"max-snippet:-1","max-image-preview":"max-image-preview:large","max-video-preview":"max-video-preview:-1"},"canonical":"https:\/\/www.skulpturenpark-hellbrunn.at\/archiv\/","og_locale":"en_US","og_type":"article","og_title":"SkulpturenPark Hellbrunn - Enrique Asensi - Skulpturenpark Hellbrunn","og_description":"SkulpturenPark Hellbrunn - Enrique Asensi","og_url":"https:\/\/www.skulpturenpark-hellbrunn.at\/archiv\/","og_site_name":"Skulpturenpark Hellbrunn","article_modified_time":"2021-06-09T09:18:39+00:00","og_image":[{"url":"http:\/\/www.skulpturenpark-hellbrunn.at\/wp-content\/uploads\/2018\/06\/Plan-Hellbrunn-Standorte_eng_1200px.jpg"}],"twitter_card":"summary","twitter_misc":{"Est. reading time":"10 minutes"},"schema":{"@context":"https:\/\/schema.org","@graph":[{"@type":"WebSite","@id":"https:\/\/www.skulpturenpark-hellbrunn.at\/#website","url":"https:\/\/www.skulpturenpark-hellbrunn.at\/","name":"Skulpturenpark Hellbrunn","description":"Skulpturenpark Hellbrunn","potentialAction":[{"@type":"SearchAction","target":{"@type":"EntryPoint","urlTemplate":"https:\/\/www.skulpturenpark-hellbrunn.at\/?s={search_term_string}"},"query-input":"required name=search_term_string"}],"inLanguage":"en-US"},{"@type":"ImageObject","@id":"https:\/\/www.skulpturenpark-hellbrunn.at\/archiv\/#primaryimage","inLanguage":"en-US","url":"http:\/\/www.skulpturenpark-hellbrunn.at\/wp-content\/uploads\/2018\/06\/Plan-Hellbrunn-Standorte_eng_1200px.jpg","contentUrl":"http:\/\/www.skulpturenpark-hellbrunn.at\/wp-content\/uploads\/2018\/06\/Plan-Hellbrunn-Standorte_eng_1200px.jpg"},{"@type":"WebPage","@id":"https:\/\/www.skulpturenpark-hellbrunn.at\/archiv\/#webpage","url":"https:\/\/www.skulpturenpark-hellbrunn.at\/archiv\/","name":"SkulpturenPark Hellbrunn - Enrique Asensi - Skulpturenpark Hellbrunn","isPartOf":{"@id":"https:\/\/www.skulpturenpark-hellbrunn.at\/#website"},"primaryImageOfPage":{"@id":"https:\/\/www.skulpturenpark-hellbrunn.at\/archiv\/#primaryimage"},"datePublished":"2015-06-30T21:12:33+00:00","dateModified":"2021-06-09T09:18:39+00:00","description":"SkulpturenPark Hellbrunn - Enrique Asensi","breadcrumb":{"@id":"https:\/\/www.skulpturenpark-hellbrunn.at\/archiv\/#breadcrumb"},"inLanguage":"en-US","potentialAction":[{"@type":"ReadAction","target":["https:\/\/www.skulpturenpark-hellbrunn.at\/archiv\/"]}]},{"@type":"BreadcrumbList","@id":"https:\/\/www.skulpturenpark-hellbrunn.at\/archiv\/#breadcrumb","itemListElement":[{"@type":"ListItem","position":1,"name":"Home","item":"https:\/\/www.skulpturenpark-hellbrunn.at\/en\/"},{"@type":"ListItem","position":2,"name":"SkulpturenPark Hellbrunn &#8211; Enrique Asensi"}]}]}},"_links":{"self":[{"href":"https:\/\/www.skulpturenpark-hellbrunn.at\/en\/wp-json\/wp\/v2\/pages\/124"}],"collection":[{"href":"https:\/\/www.skulpturenpark-hellbrunn.at\/en\/wp-json\/wp\/v2\/pages"}],"about":[{"href":"https:\/\/www.skulpturenpark-hellbrunn.at\/en\/wp-json\/wp\/v2\/types\/page"}],"author":[{"embeddable":true,"href":"https:\/\/www.skulpturenpark-hellbrunn.at\/en\/wp-json\/wp\/v2\/users\/1"}],"replies":[{"embeddable":true,"href":"https:\/\/www.skulpturenpark-hellbrunn.at\/en\/wp-json\/wp\/v2\/comments?post=124"}],"version-history":[{"count":94,"href":"https:\/\/www.skulpturenpark-hellbrunn.at\/en\/wp-json\/wp\/v2\/pages\/124\/revisions"}],"predecessor-version":[{"id":1442,"href":"https:\/\/www.skulpturenpark-hellbrunn.at\/en\/wp-json\/wp\/v2\/pages\/124\/revisions\/1442"}],"wp:attachment":[{"href":"https:\/\/www.skulpturenpark-hellbrunn.at\/en\/wp-json\/wp\/v2\/media?parent=124"}],"curies":[{"name":"wp","href":"https:\/\/api.w.org\/{rel}","templated":true}]}}